{"id":4153,"date":"2020-10-23T14:36:10","date_gmt":"2020-10-23T13:36:10","guid":{"rendered":"https:\/\/mariaclaraames.com\/bio\/"},"modified":"2025-04-26T23:12:11","modified_gmt":"2025-04-26T22:12:11","slug":"bio","status":"publish","type":"page","link":"https:\/\/mariaclaraames.com\/es\/bio\/","title":{"rendered":"Bio"},"content":{"rendered":"<section class=\"l-section wpb_row us_custom_703b2333 height_auto\"><div class=\"l-section-h i-cf\"><div class=\"g-cols vc_row via_grid cols_1 laptops-cols_inherit tablets-cols_inherit mobiles-cols_1 valign_top type_default stacking_default\"><div class=\"wpb_column vc_column_container\"><div class=\"vc_column-inner\"><div class=\"w-html\"><\/div><h1 class=\"w-post-elm post_title us_custom_ba205bf8 entry-title color_link_inherit\">Bio<\/h1>\n<\/div><\/div><\/div><\/div><\/section><section class=\"l-section wpb_row height_small\"><div class=\"l-section-h i-cf\"><div class=\"g-cols vc_row via_grid cols_1-2 laptops-cols_inherit tablets-cols_inherit mobiles-cols_1 valign_top type_default stacking_default\"><div class=\"wpb_column vc_column_container us_custom_05b7a67c has_bg_color\"><div class=\"vc_column-inner\"><\/div><\/div><div class=\"wpb_column vc_column_container\"><div class=\"vc_column-inner\"><h2 class=\"w-text\"><span class=\"w-text-h\"><span class=\"w-text-value\">Maria Clara Ames<\/span><\/span><\/h2><div class=\"wpb_text_column\"><div class=\"wpb_wrapper\"><p><span>Soy administrativa de formaci\u00f3n (CRA-SC 10.141) y me dedico a la investigaci\u00f3n en \u00c9tica Empresarial. Llevo 10 a\u00f1os investigando el desarrollo moral humano y la \u00e9tica de las virtudes, con el objetivo de ayudar a las personas y a las organizaciones. <\/span><\/p>\n<p><span>Tengo un Doctorado en Administraci\u00f3n (Universidad del Estado de Santa Catarina, UDESC, 2020), un M\u00e1ster en \u00abGobierno y Cultura de las Organizaciones\u00bb (Universidad de Navarra, Espa\u00f1a, 2024), en \u00abAdministraci\u00f3n con \u00e9nfasis en Organizaciones y Esfera P\u00fablica\u00bb (UDESC, 2015), y un MBA en Negocios Financieros (Funda\u00e7\u00e3o Get\u00falio Vargas, FGV-RJ, 2006). <\/span><\/p>\n<p><span>Mi experiencia profesional incluye funciones en empresas p\u00fablicas y privadas, en el sector bancario (2000-2009), con mi propia empresa (2009-2013) y como profesora de Administraci\u00f3n P\u00fablica (2018-2021).<\/span><\/p>\n<p><span>Soy investigadora asociada a los grupos de investigaci\u00f3n Admethics (Esag\/UDESC, BR) y Pr\u00e1cticas, Conocimiento y Conducta (UFF, BR). <\/span><\/p>\n<p>Me dedico a explorar temas que implican a la Gesti\u00f3n y la Econom\u00eda, considerando la \u00e9tica como un pilar esencial. La \u00e9tica de la inteligencia artificial es un tema que he estado investigando durante los \u00faltimos a\u00f1os.<\/p>\n<p>Mi<strong> direcci\u00f3n de correo electr\u00f3nico<\/strong> es: <a href=\"mailto:clara@mariaclaraames.com\">clara@mariaclaraames.com<\/a><\/p>\n<p><span>ORCID: <a href=\"https:\/\/orcid.org\/0000-0002-0444-8764\" target=\"_blank\" rel=\"noopener nofollow noreferrer\">https:\/\/orcid.org\/0000-0002-0444-8764<\/a><br \/>ResearchGate: <a href=\"http:\/\/lattes.cnpq.br\/7883196866064912\" target=\"_blank\" rel=\"noopener nofollow noreferrer\">https:\/\/www.researchgate.net\/profile\/Maria-Clara-Ames<br \/>CV Lattes: http:\/\/lattes.cnpq.br\/7883196866064912<\/a><br \/>LinkedIn: <a href=\"https:\/\/es.linkedin.com\/in\/mariaclaraames\" target=\"_blank\" rel=\"noopener nofollow noreferrer\">https:\/\/es.linkedin.com\/in\/mariaclaraames<\/a><\/span><\/p>\n<\/div><\/div><\/div><\/div><\/div><\/div><\/section>\n","protected":false},"excerpt":{"rendered":"","protected":false},"author":2,"featured_media":3860,"parent":0,"menu_order":3,"comment_status":"closed","ping_status":"closed","template":"","meta":{"_acf_changed":false,"footnotes":""},"class_list":["post-4153","page","type-page","status-publish","has-post-thumbnail","hentry"],"acf":[],"yoast_head":"<!-- This site is optimized with the Yoast SEO plugin v27.2 - https:\/\/yoast.com\/product\/yoast-seo-wordpress\/ -->\n<title>Bio - Maria Clara Ames<\/title>\n<meta name=\"robots\" content=\"index, follow, max-snippet:-1, max-image-preview:large, max-video-preview:-1\" \/>\n<link rel=\"canonical\" href=\"https:\/\/mariaclaraames.com\/es\/bio\/\" \/>\n<meta property=\"og:locale\" content=\"es_ES\" \/>\n<meta property=\"og:type\" content=\"article\" \/>\n<meta property=\"og:title\" content=\"Bio - Maria Clara Ames\" \/>\n<meta property=\"og:url\" content=\"https:\/\/mariaclaraames.com\/es\/bio\/\" \/>\n<meta property=\"og:site_name\" content=\"Maria Clara Ames\" \/>\n<meta property=\"article:modified_time\" content=\"2025-04-26T22:12:11+00:00\" \/>\n<meta property=\"og:image\" content=\"https:\/\/mariaclaraames.com\/wp-content\/uploads\/2020\/10\/banner-11.jpg\" \/>\n\t<meta property=\"og:image:width\" content=\"2560\" \/>\n\t<meta property=\"og:image:height\" content=\"1097\" \/>\n\t<meta property=\"og:image:type\" content=\"image\/jpeg\" \/>\n<meta name=\"twitter:card\" content=\"summary_large_image\" \/>\n<meta name=\"twitter:site\" content=\"@mariaclaraames\" \/>\n<meta name=\"twitter:label1\" content=\"Tiempo de lectura\" \/>\n\t<meta name=\"twitter:data1\" content=\"1 minuto\" \/>\n<script type=\"application\/ld+json\" class=\"yoast-schema-graph\">{\"@context\":\"https:\/\/schema.org\",\"@graph\":[{\"@type\":\"WebPage\",\"@id\":\"https:\/\/mariaclaraames.com\/es\/bio\/\",\"url\":\"https:\/\/mariaclaraames.com\/es\/bio\/\",\"name\":\"Bio - Maria Clara Ames\",\"isPartOf\":{\"@id\":\"https:\/\/mariaclaraames.com\/es\/#website\"},\"primaryImageOfPage\":{\"@id\":\"https:\/\/mariaclaraames.com\/es\/bio\/#primaryimage\"},\"image\":{\"@id\":\"https:\/\/mariaclaraames.com\/es\/bio\/#primaryimage\"},\"thumbnailUrl\":\"https:\/\/mariaclaraames.com\/wp-content\/uploads\/2020\/10\/banner-11.jpg\",\"datePublished\":\"2020-10-23T13:36:10+00:00\",\"dateModified\":\"2025-04-26T22:12:11+00:00\",\"inLanguage\":\"es\",\"potentialAction\":[{\"@type\":\"ReadAction\",\"target\":[\"https:\/\/mariaclaraames.com\/es\/bio\/\"]}]},{\"@type\":\"ImageObject\",\"inLanguage\":\"es\",\"@id\":\"https:\/\/mariaclaraames.com\/es\/bio\/#primaryimage\",\"url\":\"https:\/\/mariaclaraames.com\/wp-content\/uploads\/2020\/10\/banner-11.jpg\",\"contentUrl\":\"https:\/\/mariaclaraames.com\/wp-content\/uploads\/2020\/10\/banner-11.jpg\",\"width\":2560,\"height\":1097},{\"@type\":\"WebSite\",\"@id\":\"https:\/\/mariaclaraames.com\/es\/#website\",\"url\":\"https:\/\/mariaclaraames.com\/es\/\",\"name\":\"Maria Clara Ames\",\"description\":\"Administra\u00e7\u00e3o, \u00e9tica e empreendedorismo.\",\"publisher\":{\"@id\":\"https:\/\/mariaclaraames.com\/es\/#\/schema\/person\/fcb70a5e8c410ce5d393f4316f205b4c\"},\"alternateName\":\"Maria Clara\",\"potentialAction\":[{\"@type\":\"SearchAction\",\"target\":{\"@type\":\"EntryPoint\",\"urlTemplate\":\"https:\/\/mariaclaraames.com\/es\/?s={search_term_string}\"},\"query-input\":{\"@type\":\"PropertyValueSpecification\",\"valueRequired\":true,\"valueName\":\"search_term_string\"}}],\"inLanguage\":\"es\"},{\"@type\":[\"Person\",\"Organization\"],\"@id\":\"https:\/\/mariaclaraames.com\/es\/#\/schema\/person\/fcb70a5e8c410ce5d393f4316f205b4c\",\"name\":\"Maria Clara Ames\",\"image\":{\"@type\":\"ImageObject\",\"inLanguage\":\"es\",\"@id\":\"https:\/\/mariaclaraames.com\/wp-content\/uploads\/2024\/11\/maria-clara-1-e1730803997307.jpg\",\"url\":\"https:\/\/mariaclaraames.com\/wp-content\/uploads\/2024\/11\/maria-clara-1-e1730803997307.jpg\",\"contentUrl\":\"https:\/\/mariaclaraames.com\/wp-content\/uploads\/2024\/11\/maria-clara-1-e1730803997307.jpg\",\"width\":512,\"height\":512,\"caption\":\"Maria Clara Ames\"},\"logo\":{\"@id\":\"https:\/\/mariaclaraames.com\/wp-content\/uploads\/2024\/11\/maria-clara-1-e1730803997307.jpg\"},\"description\":\"Doutora em Administra\u00e7\u00e3o, Especialista em \u00e9tica das virtudes. \u00c1reas de interesse: virtudes, desenvolvimento moral, \u00e9tica empresarial\",\"sameAs\":[\"https:\/\/www.instagram.com\/amesmariaclara\/\",\"https:\/\/www.linkedin.com\/in\/mariaclaraames\/\",\"https:\/\/x.com\/mariaclaraames\",\"https:\/\/www.youtube.com\/@mariaclaraames\"]}]}<\/script>\n<!-- \/ Yoast SEO plugin. -->","yoast_head_json":{"title":"Bio - Maria Clara Ames","robots":{"index":"index","follow":"follow","max-snippet":"max-snippet:-1","max-image-preview":"max-image-preview:large","max-video-preview":"max-video-preview:-1"},"canonical":"https:\/\/mariaclaraames.com\/es\/bio\/","og_locale":"es_ES","og_type":"article","og_title":"Bio - Maria Clara Ames","og_url":"https:\/\/mariaclaraames.com\/es\/bio\/","og_site_name":"Maria Clara Ames","article_modified_time":"2025-04-26T22:12:11+00:00","og_image":[{"width":2560,"height":1097,"url":"https:\/\/mariaclaraames.com\/wp-content\/uploads\/2020\/10\/banner-11.jpg","type":"image\/jpeg"}],"twitter_card":"summary_large_image","twitter_site":"@mariaclaraames","twitter_misc":{"Tiempo de lectura":"1 minuto"},"schema":{"@context":"https:\/\/schema.org","@graph":[{"@type":"WebPage","@id":"https:\/\/mariaclaraames.com\/es\/bio\/","url":"https:\/\/mariaclaraames.com\/es\/bio\/","name":"Bio - Maria Clara Ames","isPartOf":{"@id":"https:\/\/mariaclaraames.com\/es\/#website"},"primaryImageOfPage":{"@id":"https:\/\/mariaclaraames.com\/es\/bio\/#primaryimage"},"image":{"@id":"https:\/\/mariaclaraames.com\/es\/bio\/#primaryimage"},"thumbnailUrl":"https:\/\/mariaclaraames.com\/wp-content\/uploads\/2020\/10\/banner-11.jpg","datePublished":"2020-10-23T13:36:10+00:00","dateModified":"2025-04-26T22:12:11+00:00","inLanguage":"es","potentialAction":[{"@type":"ReadAction","target":["https:\/\/mariaclaraames.com\/es\/bio\/"]}]},{"@type":"ImageObject","inLanguage":"es","@id":"https:\/\/mariaclaraames.com\/es\/bio\/#primaryimage","url":"https:\/\/mariaclaraames.com\/wp-content\/uploads\/2020\/10\/banner-11.jpg","contentUrl":"https:\/\/mariaclaraames.com\/wp-content\/uploads\/2020\/10\/banner-11.jpg","width":2560,"height":1097},{"@type":"WebSite","@id":"https:\/\/mariaclaraames.com\/es\/#website","url":"https:\/\/mariaclaraames.com\/es\/","name":"Maria Clara Ames","description":"Administra\u00e7\u00e3o, \u00e9tica e empreendedorismo.","publisher":{"@id":"https:\/\/mariaclaraames.com\/es\/#\/schema\/person\/fcb70a5e8c410ce5d393f4316f205b4c"},"alternateName":"Maria Clara","potentialAction":[{"@type":"SearchAction","target":{"@type":"EntryPoint","urlTemplate":"https:\/\/mariaclaraames.com\/es\/?s={search_term_string}"},"query-input":{"@type":"PropertyValueSpecification","valueRequired":true,"valueName":"search_term_string"}}],"inLanguage":"es"},{"@type":["Person","Organization"],"@id":"https:\/\/mariaclaraames.com\/es\/#\/schema\/person\/fcb70a5e8c410ce5d393f4316f205b4c","name":"Maria Clara Ames","image":{"@type":"ImageObject","inLanguage":"es","@id":"https:\/\/mariaclaraames.com\/wp-content\/uploads\/2024\/11\/maria-clara-1-e1730803997307.jpg","url":"https:\/\/mariaclaraames.com\/wp-content\/uploads\/2024\/11\/maria-clara-1-e1730803997307.jpg","contentUrl":"https:\/\/mariaclaraames.com\/wp-content\/uploads\/2024\/11\/maria-clara-1-e1730803997307.jpg","width":512,"height":512,"caption":"Maria Clara Ames"},"logo":{"@id":"https:\/\/mariaclaraames.com\/wp-content\/uploads\/2024\/11\/maria-clara-1-e1730803997307.jpg"},"description":"Doutora em Administra\u00e7\u00e3o, Especialista em \u00e9tica das virtudes. \u00c1reas de interesse: virtudes, desenvolvimento moral, \u00e9tica empresarial","sameAs":["https:\/\/www.instagram.com\/amesmariaclara\/","https:\/\/www.linkedin.com\/in\/mariaclaraames\/","https:\/\/x.com\/mariaclaraames","https:\/\/www.youtube.com\/@mariaclaraames"]}]}},"_links":{"self":[{"href":"https:\/\/mariaclaraames.com\/es\/wp-json\/wp\/v2\/pages\/4153","targetHints":{"allow":["GET"]}}],"collection":[{"href":"https:\/\/mariaclaraames.com\/es\/wp-json\/wp\/v2\/pages"}],"about":[{"href":"https:\/\/mariaclaraames.com\/es\/wp-json\/wp\/v2\/types\/page"}],"author":[{"embeddable":true,"href":"https:\/\/mariaclaraames.com\/es\/wp-json\/wp\/v2\/users\/2"}],"replies":[{"embeddable":true,"href":"https:\/\/mariaclaraames.com\/es\/wp-json\/wp\/v2\/comments?post=4153"}],"version-history":[{"count":4,"href":"https:\/\/mariaclaraames.com\/es\/wp-json\/wp\/v2\/pages\/4153\/revisions"}],"predecessor-version":[{"id":4350,"href":"https:\/\/mariaclaraames.com\/es\/wp-json\/wp\/v2\/pages\/4153\/revisions\/4350"}],"wp:featuredmedia":[{"embeddable":true,"href":"https:\/\/mariaclaraames.com\/es\/wp-json\/wp\/v2\/media\/3860"}],"wp:attachment":[{"href":"https:\/\/mariaclaraames.com\/es\/wp-json\/wp\/v2\/media?parent=4153"}],"curies":[{"name":"wp","href":"https:\/\/api.w.org\/{rel}","templated":true}]}}