{"id":4118,"date":"2024-10-29T19:38:45","date_gmt":"2024-10-29T18:38:45","guid":{"rendered":"https:\/\/mariaclaraames.com\/articulos-academicos\/"},"modified":"2025-04-26T10:11:54","modified_gmt":"2025-04-26T09:11:54","slug":"articulos-academicos","status":"publish","type":"page","link":"https:\/\/mariaclaraames.com\/es\/publicaciones\/articulos-academicos\/","title":{"rendered":"Art\u00edculos acad\u00e9micos"},"content":{"rendered":"<section class=\"l-section wpb_row us_custom_703b2333 height_auto\"><div class=\"l-section-h i-cf\"><div class=\"g-cols vc_row via_grid cols_1 laptops-cols_inherit tablets-cols_inherit mobiles-cols_1 valign_top type_default stacking_default\"><div class=\"wpb_column vc_column_container\"><div class=\"vc_column-inner\"><div class=\"w-html\"><\/div><h1 class=\"w-post-elm post_title us_custom_ba205bf8 entry-title color_link_inherit\">Art\u00edculos acad\u00e9micos<\/h1>\n<\/div><\/div><\/div><\/div><\/section><section class=\"l-section wpb_row height_small\"><div class=\"l-section-h i-cf\"><div class=\"g-cols vc_row via_grid cols_1 laptops-cols_inherit tablets-cols_inherit mobiles-cols_1 valign_top type_default stacking_default\"><div class=\"wpb_column vc_column_container\"><div class=\"vc_column-inner\"><div class=\"w-grid type_grid layout_3568 cols_1 pagination_regular\" id=\"us_grid_1\" style=\"--columns:1;--gap:1.5rem;\"><style>.layout_3568 .w-grid-item-h{border-radius:0.3rem;box-shadow:0 0rem 0rem rgba(0,0,0,0.1),0 0rem 0rem rgba(0,0,0,0.1);transition-duration:0.3s}.no-touch .layout_3568 .w-grid-item-h:hover{box-shadow:0 0.2rem 0.4rem rgba(0,0,0,0.1),0 0.67rem 2rem rgba(0,0,0,0.15);z-index:4}.layout_3568 .usg_vwrapper_1{transition-duration:0.3s;transform-origin:50% 50%;transform:scale(1) translate(0%,0%)}.layout_3568 .w-grid-item-h:hover .usg_vwrapper_1{transform:scale(1) translate(0%,0%);opacity:1;border-color:transparent!important}.layout_3568 .usg_vwrapper_1{border-radius:0.3rem!important;padding:1rem!important;border:1px solid var(--color-content-border)!important}.layout_3568 .usg_post_title_1{font-size:1.7rem!important;font-weight:700!important}.layout_3568 .usg_post_custom_field_4{font-style:italic!important}<\/style><div class=\"w-grid-list\">\t<article class=\"w-grid-item size_1x1 post-4382 artigo-academico type-artigo-academico status-publish format-standard hentry\" data-id=\"4382\">\r\n\t\t<div class=\"w-grid-item-h\">\r\n\t\t\t\t\t\t<div class=\"w-vwrapper usg_vwrapper_1 align_none valign_middle has-link\" style=\"--vwrapper-gap:0.5rem\"><h2 class=\"w-post-elm post_title usg_post_title_1 entry-title color_link_inherit\"><a href=\"https:\/\/mariaclaraames.com\/es\/artigo-academico\/la-falta-de-etica-de-la-inteligencia-artificial-generativa-en-la-ensenanza-y-la-investigacion-empresarial\/\">La (falta de) \u00e9tica de la inteligencia artificial generativa en la ense\u00f1anza y la investigaci\u00f3n empresarial<\/a><\/h2><div class=\"w-hwrapper usg_hwrapper_1 align_none valign_top wrap\" style=\"--hwrapper-gap:0rem\"><\/div><a href=\"https:\/\/mariaclaraames.com\/es\/artigo-academico\/la-falta-de-etica-de-la-inteligencia-artificial-generativa-en-la-ensenanza-y-la-investigacion-empresarial\/\" class=\"w-vwrapper-link smooth-scroll\" aria-label=\"Enlace\"><\/a><\/div>\t\t<\/div>\r\n\t\t\t<\/article>\r\n\t<article class=\"w-grid-item size_1x1 post-4377 artigo-academico type-artigo-academico status-publish format-standard hentry\" data-id=\"4377\">\r\n\t\t<div class=\"w-grid-item-h\">\r\n\t\t\t\t\t\t<div class=\"w-vwrapper usg_vwrapper_1 align_none valign_middle has-link\" style=\"--vwrapper-gap:0.5rem\"><h2 class=\"w-post-elm post_title usg_post_title_1 entry-title color_link_inherit\"><a href=\"https:\/\/mariaclaraames.com\/es\/artigo-academico\/inteligencia-artificial-generativa-sobre-la-imposibilidad-de-que-un-sistema-de-ia-tenga-una-experiencia-moral\/\">Inteligencia Artificial Generativa: Sobre la imposibilidad de que un sistema de IA tenga una experiencia moral<\/a><\/h2><div class=\"w-hwrapper usg_hwrapper_1 align_none valign_top wrap\" style=\"--hwrapper-gap:0rem\"><\/div><a href=\"https:\/\/mariaclaraames.com\/es\/artigo-academico\/inteligencia-artificial-generativa-sobre-la-imposibilidad-de-que-un-sistema-de-ia-tenga-una-experiencia-moral\/\" class=\"w-vwrapper-link smooth-scroll\" aria-label=\"Enlace\"><\/a><\/div>\t\t<\/div>\r\n\t\t\t<\/article>\r\n\t<article class=\"w-grid-item size_1x1 post-4404 artigo-academico type-artigo-academico status-publish format-standard hentry\" data-id=\"4404\">\r\n\t\t<div class=\"w-grid-item-h\">\r\n\t\t\t\t\t\t<div class=\"w-vwrapper usg_vwrapper_1 align_none valign_middle has-link\" style=\"--vwrapper-gap:0.5rem\"><h2 class=\"w-post-elm post_title usg_post_title_1 entry-title color_link_inherit\"><a href=\"https:\/\/mariaclaraames.com\/es\/artigo-academico\/la-fronesis-en-la-administracion-y-las-organizaciones-revision-bibliografica-y-programa-de-investigacion-futura\/\">La fr\u00f3nesis en la administraci\u00f3n y las organizaciones: revisi\u00f3n bibliogr\u00e1fica y programa de investigaci\u00f3n futura<\/a><\/h2><div class=\"w-hwrapper usg_hwrapper_1 align_none valign_top wrap\" style=\"--hwrapper-gap:0rem\"><\/div><a href=\"https:\/\/mariaclaraames.com\/es\/artigo-academico\/la-fronesis-en-la-administracion-y-las-organizaciones-revision-bibliografica-y-programa-de-investigacion-futura\/\" class=\"w-vwrapper-link smooth-scroll\" aria-label=\"Enlace\"><\/a><\/div>\t\t<\/div>\r\n\t\t\t<\/article>\r\n\t<article class=\"w-grid-item size_1x1 post-4383 artigo-academico type-artigo-academico status-publish format-standard hentry\" data-id=\"4383\">\r\n\t\t<div class=\"w-grid-item-h\">\r\n\t\t\t\t\t\t<div class=\"w-vwrapper usg_vwrapper_1 align_none valign_middle has-link\" style=\"--vwrapper-gap:0.5rem\"><h2 class=\"w-post-elm post_title usg_post_title_1 entry-title color_link_inherit\"><a href=\"https:\/\/mariaclaraames.com\/es\/artigo-academico\/tradicion-donde-macintyre-se-encuentra-con-hayek-para-fundamentar-la-gobernanza-etica\/\">Tradici\u00f3n: donde MacIntyre se encuentra con Hayek para fundamentar la gobernanza \u00e9tica<\/a><\/h2><div class=\"w-hwrapper usg_hwrapper_1 align_none valign_top wrap\" style=\"--hwrapper-gap:0rem\"><\/div><a href=\"https:\/\/mariaclaraames.com\/es\/artigo-academico\/tradicion-donde-macintyre-se-encuentra-con-hayek-para-fundamentar-la-gobernanza-etica\/\" class=\"w-vwrapper-link smooth-scroll\" aria-label=\"Enlace\"><\/a><\/div>\t\t<\/div>\r\n\t\t\t<\/article>\r\n<\/div><div class=\"w-grid-preloader\">\t<div class=\"g-preloader type_1\">\r\n\t\t<div><\/div>\r\n\t<\/div>\r\n\t<\/div>\t<div class=\"w-grid-json hidden\" onclick='return {&quot;action&quot;:&quot;us_ajax_grid&quot;,&quot;infinite_scroll&quot;:0,&quot;max_num_pages&quot;:1,&quot;pagination&quot;:&quot;regular&quot;,&quot;template_vars&quot;:{&quot;columns&quot;:&quot;1&quot;,&quot;exclude_items&quot;:&quot;prev&quot;,&quot;img_size&quot;:&quot;default&quot;,&quot;ignore_items_size&quot;:0,&quot;items_layout&quot;:&quot;3568&quot;,&quot;items_offset&quot;:&quot;1&quot;,&quot;load_animation&quot;:&quot;none&quot;,&quot;overriding_link&quot;:&quot;{\\&quot;url\\&quot;:\\&quot;\\&quot;}&quot;,&quot;post_id&quot;:0,&quot;query_args&quot;:{&quot;ignore_sticky_posts&quot;:1,&quot;post_type&quot;:&quot;any&quot;,&quot;post__in&quot;:[&quot;4078&quot;,&quot;3497&quot;,&quot;3587&quot;,&quot;3499&quot;],&quot;posts_per_page&quot;:&quot;30&quot;},&quot;orderby_query_args&quot;:{&quot;orderby&quot;:{&quot;post__in&quot;:&quot;ASC&quot;},&quot;order&quot;:&quot;ASC&quot;},&quot;type&quot;:&quot;grid&quot;,&quot;us_grid_post_type&quot;:&quot;ids&quot;,&quot;us_grid_ajax_index&quot;:1,&quot;us_grid_filter_query_string&quot;:null,&quot;us_grid_index&quot;:1,&quot;page_args&quot;:[],&quot;lang&quot;:&quot;es&quot;}}'><\/div>\r\n\t<\/div><div class=\"w-separator size_small\"><\/div><div class=\"w-grid type_grid layout_3568 cols_1 pagination_regular\" id=\"us_grid_2\" style=\"--columns:1;--gap:1.5rem;\" data-filterable=\"true\"><div class=\"w-grid-list\">\t<article class=\"w-grid-item size_1x1 post-4381 artigo-academico type-artigo-academico status-publish format-standard hentry\" data-id=\"4381\">\r\n\t\t<div class=\"w-grid-item-h\">\r\n\t\t\t\t\t\t<div class=\"w-vwrapper usg_vwrapper_1 align_none valign_middle has-link\" style=\"--vwrapper-gap:0.5rem\"><h2 class=\"w-post-elm post_title usg_post_title_1 entry-title color_link_inherit\"><a href=\"https:\/\/mariaclaraames.com\/es\/artigo-academico\/aportaciones-de-la-antropologia-trascendental-de-leonardo-polo-a-la-etica-de-la-virtud-neoaristotelica-en-la-etica-empresarial\/\">Aportaciones de la antropolog\u00eda trascendental de Leonardo Polo a la \u00e9tica de la virtud neoaristot\u00e9lica en la \u00e9tica empresarial<\/a><\/h2><div class=\"w-hwrapper usg_hwrapper_1 align_none valign_top wrap\" style=\"--hwrapper-gap:0rem\"><\/div><a href=\"https:\/\/mariaclaraames.com\/es\/artigo-academico\/aportaciones-de-la-antropologia-trascendental-de-leonardo-polo-a-la-etica-de-la-virtud-neoaristotelica-en-la-etica-empresarial\/\" class=\"w-vwrapper-link smooth-scroll\" aria-label=\"Enlace\"><\/a><\/div>\t\t<\/div>\r\n\t\t\t<\/article>\r\n\t<article class=\"w-grid-item size_1x1 post-4385 artigo-academico type-artigo-academico status-publish format-standard hentry\" data-id=\"4385\">\r\n\t\t<div class=\"w-grid-item-h\">\r\n\t\t\t\t\t\t<div class=\"w-vwrapper usg_vwrapper_1 align_none valign_middle has-link\" style=\"--vwrapper-gap:0.5rem\"><h2 class=\"w-post-elm post_title usg_post_title_1 entry-title color_link_inherit\"><a href=\"https:\/\/mariaclaraames.com\/es\/artigo-academico\/influencias-de-la-religion-espiritualidad-en-la-gobernanza-de-las-organizaciones-religiosas-durante-la-pandemia-de-covid\/\">Influencias de la Religi\u00f3n-Espiritualidad en la Gobernanza de las Organizaciones Religiosas durante la Pandemia de Covid<\/a><\/h2><div class=\"w-hwrapper usg_hwrapper_1 align_none valign_top wrap\" style=\"--hwrapper-gap:0rem\"><\/div><a href=\"https:\/\/mariaclaraames.com\/es\/artigo-academico\/influencias-de-la-religion-espiritualidad-en-la-gobernanza-de-las-organizaciones-religiosas-durante-la-pandemia-de-covid\/\" class=\"w-vwrapper-link smooth-scroll\" aria-label=\"Enlace\"><\/a><\/div>\t\t<\/div>\r\n\t\t\t<\/article>\r\n\t<article class=\"w-grid-item size_1x1 post-4387 artigo-academico type-artigo-academico status-publish format-standard hentry\" data-id=\"4387\">\r\n\t\t<div class=\"w-grid-item-h\">\r\n\t\t\t\t\t\t<div class=\"w-vwrapper usg_vwrapper_1 align_none valign_middle has-link\" style=\"--vwrapper-gap:0.5rem\"><h2 class=\"w-post-elm post_title usg_post_title_1 entry-title color_link_inherit\"><a href=\"https:\/\/mariaclaraames.com\/es\/artigo-academico\/experiencia-en-la-ensenanza-de-la-etica-de-las-virtudes-en-la-administracion\/\">Experiencia en la ense\u00f1anza de la \u00e9tica de las virtudes en la administraci\u00f3n<\/a><\/h2><div class=\"w-hwrapper usg_hwrapper_1 align_none valign_top wrap\" style=\"--hwrapper-gap:0rem\"><\/div><a href=\"https:\/\/mariaclaraames.com\/es\/artigo-academico\/experiencia-en-la-ensenanza-de-la-etica-de-las-virtudes-en-la-administracion\/\" class=\"w-vwrapper-link smooth-scroll\" aria-label=\"Enlace\"><\/a><\/div>\t\t<\/div>\r\n\t\t\t<\/article>\r\n\t<article class=\"w-grid-item size_1x1 post-4391 artigo-academico type-artigo-academico status-publish format-standard hentry\" data-id=\"4391\">\r\n\t\t<div class=\"w-grid-item-h\">\r\n\t\t\t\t\t\t<div class=\"w-vwrapper usg_vwrapper_1 align_none valign_middle has-link\" style=\"--vwrapper-gap:0.5rem\"><h2 class=\"w-post-elm post_title usg_post_title_1 entry-title color_link_inherit\"><a href=\"https:\/\/mariaclaraames.com\/es\/artigo-academico\/multiples-casos-de-voluntariado-provida-en-un-enfoque-etico-neoaristotelico\/\">M\u00faltiples casos de voluntariado provida en un enfoque \u00e9tico neoaristot\u00e9lico<\/a><\/h2><div class=\"w-hwrapper usg_hwrapper_1 align_none valign_top wrap\" style=\"--hwrapper-gap:0rem\"><\/div><a href=\"https:\/\/mariaclaraames.com\/es\/artigo-academico\/multiples-casos-de-voluntariado-provida-en-un-enfoque-etico-neoaristotelico\/\" class=\"w-vwrapper-link smooth-scroll\" aria-label=\"Enlace\"><\/a><\/div>\t\t<\/div>\r\n\t\t\t<\/article>\r\n\t<article class=\"w-grid-item size_1x1 post-4396 artigo-academico type-artigo-academico status-publish format-standard hentry\" data-id=\"4396\">\r\n\t\t<div class=\"w-grid-item-h\">\r\n\t\t\t\t\t\t<div class=\"w-vwrapper usg_vwrapper_1 align_none valign_middle has-link\" style=\"--vwrapper-gap:0.5rem\"><h2 class=\"w-post-elm post_title usg_post_title_1 entry-title color_link_inherit\"><a href=\"https:\/\/mariaclaraames.com\/es\/artigo-academico\/multiples-casos-de-voluntariado-provida-en-un-enfoque-etico-neoaristotelico-2\/\">M\u00faltiples casos de voluntariado provida en un enfoque \u00e9tico neoaristot\u00e9lico<\/a><\/h2><div class=\"w-hwrapper usg_hwrapper_1 align_none valign_top wrap\" style=\"--hwrapper-gap:0rem\"><\/div><a href=\"https:\/\/mariaclaraames.com\/es\/artigo-academico\/multiples-casos-de-voluntariado-provida-en-un-enfoque-etico-neoaristotelico-2\/\" class=\"w-vwrapper-link smooth-scroll\" aria-label=\"Enlace\"><\/a><\/div>\t\t<\/div>\r\n\t\t\t<\/article>\r\n\t<article class=\"w-grid-item size_1x1 post-4397 artigo-academico type-artigo-academico status-publish format-standard hentry\" data-id=\"4397\">\r\n\t\t<div class=\"w-grid-item-h\">\r\n\t\t\t\t\t\t<div class=\"w-vwrapper usg_vwrapper_1 align_none valign_middle has-link\" style=\"--vwrapper-gap:0.5rem\"><h2 class=\"w-post-elm post_title usg_post_title_1 entry-title color_link_inherit\"><a href=\"https:\/\/mariaclaraames.com\/es\/artigo-academico\/notas-sobre-la-dinamica-de-la-agenda-del-aborto-en-el-contexto-brasileno\/\">Notas sobre la din\u00e1mica de la agenda del aborto en el contexto brasile\u00f1o<\/a><\/h2><div class=\"w-hwrapper usg_hwrapper_1 align_none valign_top wrap\" style=\"--hwrapper-gap:0rem\"><\/div><a href=\"https:\/\/mariaclaraames.com\/es\/artigo-academico\/notas-sobre-la-dinamica-de-la-agenda-del-aborto-en-el-contexto-brasileno\/\" class=\"w-vwrapper-link smooth-scroll\" aria-label=\"Enlace\"><\/a><\/div>\t\t<\/div>\r\n\t\t\t<\/article>\r\n\t<article class=\"w-grid-item size_1x1 post-4394 artigo-academico type-artigo-academico status-publish format-standard hentry\" data-id=\"4394\">\r\n\t\t<div class=\"w-grid-item-h\">\r\n\t\t\t\t\t\t<div class=\"w-vwrapper usg_vwrapper_1 align_none valign_middle has-link\" style=\"--vwrapper-gap:0.5rem\"><h2 class=\"w-post-elm post_title usg_post_title_1 entry-title color_link_inherit\"><a href=\"https:\/\/mariaclaraames.com\/es\/artigo-academico\/analisis-de-escalas-y-medidas-de-virtudes-morales-una-revision-sistematica\/\">An\u00e1lisis de escalas y medidas de virtudes morales: una revisi\u00f3n sistem\u00e1tica<\/a><\/h2><div class=\"w-hwrapper usg_hwrapper_1 align_none valign_top wrap\" style=\"--hwrapper-gap:0rem\"><\/div><a href=\"https:\/\/mariaclaraames.com\/es\/artigo-academico\/analisis-de-escalas-y-medidas-de-virtudes-morales-una-revision-sistematica\/\" class=\"w-vwrapper-link smooth-scroll\" aria-label=\"Enlace\"><\/a><\/div>\t\t<\/div>\r\n\t\t\t<\/article>\r\n\t<article class=\"w-grid-item size_1x1 post-4400 artigo-academico type-artigo-academico status-publish format-standard hentry\" data-id=\"4400\">\r\n\t\t<div class=\"w-grid-item-h\">\r\n\t\t\t\t\t\t<div class=\"w-vwrapper usg_vwrapper_1 align_none valign_middle has-link\" style=\"--vwrapper-gap:0.5rem\"><h2 class=\"w-post-elm post_title usg_post_title_1 entry-title color_link_inherit\"><a href=\"https:\/\/mariaclaraames.com\/es\/artigo-academico\/analisis-de-escalas-y-medidas-de-virtudes-morales-una-revision-sistematica-2\/\">An\u00e1lisis de escalas y medidas de virtudes morales: una revisi\u00f3n sistem\u00e1tica<\/a><\/h2><div class=\"w-hwrapper usg_hwrapper_1 align_none valign_top wrap\" style=\"--hwrapper-gap:0rem\"><\/div><a href=\"https:\/\/mariaclaraames.com\/es\/artigo-academico\/analisis-de-escalas-y-medidas-de-virtudes-morales-una-revision-sistematica-2\/\" class=\"w-vwrapper-link smooth-scroll\" aria-label=\"Enlace\"><\/a><\/div>\t\t<\/div>\r\n\t\t\t<\/article>\r\n\t<article class=\"w-grid-item size_1x1 post-4405 artigo-academico type-artigo-academico status-publish format-standard hentry\" data-id=\"4405\">\r\n\t\t<div class=\"w-grid-item-h\">\r\n\t\t\t\t\t\t<div class=\"w-vwrapper usg_vwrapper_1 align_none valign_middle has-link\" style=\"--vwrapper-gap:0.5rem\"><h2 class=\"w-post-elm post_title usg_post_title_1 entry-title color_link_inherit\"><a href=\"https:\/\/mariaclaraames.com\/es\/artigo-academico\/politicas-nudge-en-el-contexto-covid-19-una-accion-necesaria-o-un-dilema-etico\/\">Pol\u00edticas Nudge en el contexto COVID-19: \u00bfUna acci\u00f3n necesaria o un dilema \u00e9tico?<\/a><\/h2><div class=\"w-hwrapper usg_hwrapper_1 align_none valign_top wrap\" style=\"--hwrapper-gap:0rem\"><\/div><a href=\"https:\/\/mariaclaraames.com\/es\/artigo-academico\/politicas-nudge-en-el-contexto-covid-19-una-accion-necesaria-o-un-dilema-etico\/\" class=\"w-vwrapper-link smooth-scroll\" aria-label=\"Enlace\"><\/a><\/div>\t\t<\/div>\r\n\t\t\t<\/article>\r\n\t<article class=\"w-grid-item size_1x1 post-4401 artigo-academico type-artigo-academico status-publish format-standard hentry\" data-id=\"4401\">\r\n\t\t<div class=\"w-grid-item-h\">\r\n\t\t\t\t\t\t<div class=\"w-vwrapper usg_vwrapper_1 align_none valign_middle has-link\" style=\"--vwrapper-gap:0.5rem\"><h2 class=\"w-post-elm post_title usg_post_title_1 entry-title color_link_inherit\"><a href=\"https:\/\/mariaclaraames.com\/es\/artigo-academico\/dinamica-de-la-agenda-abortista-en-el-senado-federal-de-1988-a-octubre-de-2020\/\">Din\u00e1mica de la agenda abortista en el Senado Federal: de 1988 a octubre de 2020<\/a><\/h2><div class=\"w-hwrapper usg_hwrapper_1 align_none valign_top wrap\" style=\"--hwrapper-gap:0rem\"><\/div><a href=\"https:\/\/mariaclaraames.com\/es\/artigo-academico\/dinamica-de-la-agenda-abortista-en-el-senado-federal-de-1988-a-octubre-de-2020\/\" class=\"w-vwrapper-link smooth-scroll\" aria-label=\"Enlace\"><\/a><\/div>\t\t<\/div>\r\n\t\t\t<\/article>\r\n\t<article class=\"w-grid-item size_1x1 post-4407 artigo-academico type-artigo-academico status-publish format-standard hentry\" data-id=\"4407\">\r\n\t\t<div class=\"w-grid-item-h\">\r\n\t\t\t\t\t\t<div class=\"w-vwrapper usg_vwrapper_1 align_none valign_middle has-link\" style=\"--vwrapper-gap:0.5rem\"><h2 class=\"w-post-elm post_title usg_post_title_1 entry-title color_link_inherit\"><a href=\"https:\/\/mariaclaraames.com\/es\/artigo-academico\/dinamica-de-la-agenda-del-aborto-en-el-senado-brasileno-de-1988-a-octubre-de-2020\/\">Din\u00e1mica de la agenda del aborto en el Senado brasile\u00f1o de 1988 a octubre de 2020<\/a><\/h2><div class=\"w-hwrapper usg_hwrapper_1 align_none valign_top wrap\" style=\"--hwrapper-gap:0rem\"><\/div><a href=\"https:\/\/mariaclaraames.com\/es\/artigo-academico\/dinamica-de-la-agenda-del-aborto-en-el-senado-brasileno-de-1988-a-octubre-de-2020\/\" class=\"w-vwrapper-link smooth-scroll\" aria-label=\"Enlace\"><\/a><\/div>\t\t<\/div>\r\n\t\t\t<\/article>\r\n\t<article class=\"w-grid-item size_1x1 post-4412 artigo-academico type-artigo-academico status-publish format-standard hentry\" data-id=\"4412\">\r\n\t\t<div class=\"w-grid-item-h\">\r\n\t\t\t\t\t\t<div class=\"w-vwrapper usg_vwrapper_1 align_none valign_middle has-link\" style=\"--vwrapper-gap:0.5rem\"><h2 class=\"w-post-elm post_title usg_post_title_1 entry-title color_link_inherit\"><a href=\"https:\/\/mariaclaraames.com\/es\/artigo-academico\/desarrollo-moral-y-racionalidad-en-las-organizaciones-analisis-del-test-de-cuestiones-definitorias-2\/\">Desarrollo moral y racionalidad en las organizaciones: an\u00e1lisis del Test de Cuestiones Definitorias-2<\/a><\/h2><div class=\"w-hwrapper usg_hwrapper_1 align_none valign_top wrap\" style=\"--hwrapper-gap:0rem\"><\/div><a href=\"https:\/\/mariaclaraames.com\/es\/artigo-academico\/desarrollo-moral-y-racionalidad-en-las-organizaciones-analisis-del-test-de-cuestiones-definitorias-2\/\" class=\"w-vwrapper-link smooth-scroll\" aria-label=\"Enlace\"><\/a><\/div>\t\t<\/div>\r\n\t\t\t<\/article>\r\n\t<article class=\"w-grid-item size_1x1 post-4417 artigo-academico type-artigo-academico status-publish format-standard hentry\" data-id=\"4417\">\r\n\t\t<div class=\"w-grid-item-h\">\r\n\t\t\t\t\t\t<div class=\"w-vwrapper usg_vwrapper_1 align_none valign_middle has-link\" style=\"--vwrapper-gap:0.5rem\"><h2 class=\"w-post-elm post_title usg_post_title_1 entry-title color_link_inherit\"><a href=\"https:\/\/mariaclaraames.com\/es\/artigo-academico\/ensenanza-aprendizaje-de-la-sabiduria-practica-phronesis-en-la-administracion-una-revision-sistematica\/\">Ense\u00f1anza-aprendizaje de la sabidur\u00eda pr\u00e1ctica (phronesis) en la administraci\u00f3n: una revisi\u00f3n sistem\u00e1tica<\/a><\/h2><div class=\"w-hwrapper usg_hwrapper_1 align_none valign_top wrap\" style=\"--hwrapper-gap:0rem\"><\/div><a href=\"https:\/\/mariaclaraames.com\/es\/artigo-academico\/ensenanza-aprendizaje-de-la-sabiduria-practica-phronesis-en-la-administracion-una-revision-sistematica\/\" class=\"w-vwrapper-link smooth-scroll\" aria-label=\"Enlace\"><\/a><\/div>\t\t<\/div>\r\n\t\t\t<\/article>\r\n\t<article class=\"w-grid-item size_1x1 post-4414 artigo-academico type-artigo-academico status-publish format-standard hentry\" data-id=\"4414\">\r\n\t\t<div class=\"w-grid-item-h\">\r\n\t\t\t\t\t\t<div class=\"w-vwrapper usg_vwrapper_1 align_none valign_middle has-link\" style=\"--vwrapper-gap:0.5rem\"><h2 class=\"w-post-elm post_title usg_post_title_1 entry-title color_link_inherit\"><a href=\"https:\/\/mariaclaraames.com\/es\/artigo-academico\/ensenanza-y-aprendizaje-de-la-sabiduria-practica-phronesis-en-la-gestion-una-revision-sistematica\/\">Ense\u00f1anza y aprendizaje de la sabidur\u00eda pr\u00e1ctica (phronesis) en la gesti\u00f3n: una revisi\u00f3n sistem\u00e1tica<\/a><\/h2><div class=\"w-hwrapper usg_hwrapper_1 align_none valign_top wrap\" style=\"--hwrapper-gap:0rem\"><\/div><a href=\"https:\/\/mariaclaraames.com\/es\/artigo-academico\/ensenanza-y-aprendizaje-de-la-sabiduria-practica-phronesis-en-la-gestion-una-revision-sistematica\/\" class=\"w-vwrapper-link smooth-scroll\" aria-label=\"Enlace\"><\/a><\/div>\t\t<\/div>\r\n\t\t\t<\/article>\r\n\t<article class=\"w-grid-item size_1x1 post-4418 artigo-academico type-artigo-academico status-publish format-standard hentry\" data-id=\"4418\">\r\n\t\t<div class=\"w-grid-item-h\">\r\n\t\t\t\t\t\t<div class=\"w-vwrapper usg_vwrapper_1 align_none valign_middle has-link\" style=\"--vwrapper-gap:0.5rem\"><h2 class=\"w-post-elm post_title usg_post_title_1 entry-title color_link_inherit\"><a href=\"https:\/\/mariaclaraames.com\/es\/artigo-academico\/razon-y-administracion-revisar-algunos-elementos-fundamentales\/\">Raz\u00f3n y administraci\u00f3n: revisar algunos elementos fundamentales<\/a><\/h2><div class=\"w-hwrapper usg_hwrapper_1 align_none valign_top wrap\" style=\"--hwrapper-gap:0rem\"><\/div><a href=\"https:\/\/mariaclaraames.com\/es\/artigo-academico\/razon-y-administracion-revisar-algunos-elementos-fundamentales\/\" class=\"w-vwrapper-link smooth-scroll\" aria-label=\"Enlace\"><\/a><\/div>\t\t<\/div>\r\n\t\t\t<\/article>\r\n\t<article class=\"w-grid-item size_1x1 post-4419 artigo-academico type-artigo-academico status-publish format-standard hentry\" data-id=\"4419\">\r\n\t\t<div class=\"w-grid-item-h\">\r\n\t\t\t\t\t\t<div class=\"w-vwrapper usg_vwrapper_1 align_none valign_middle has-link\" style=\"--vwrapper-gap:0.5rem\"><h2 class=\"w-post-elm post_title usg_post_title_1 entry-title color_link_inherit\"><a href=\"https:\/\/mariaclaraames.com\/es\/artigo-academico\/razon-y-administracion-revisando-algunos-elementos-fundamentales\/\">Raz\u00f3n y Administraci\u00f3n: revisando algunos elementos fundamentales<\/a><\/h2><div class=\"w-hwrapper usg_hwrapper_1 align_none valign_top wrap\" style=\"--hwrapper-gap:0rem\"><\/div><a href=\"https:\/\/mariaclaraames.com\/es\/artigo-academico\/razon-y-administracion-revisando-algunos-elementos-fundamentales\/\" class=\"w-vwrapper-link smooth-scroll\" aria-label=\"Enlace\"><\/a><\/div>\t\t<\/div>\r\n\t\t\t<\/article>\r\n\t<article class=\"w-grid-item size_1x1 post-4426 artigo-academico type-artigo-academico status-publish format-standard hentry\" data-id=\"4426\">\r\n\t\t<div class=\"w-grid-item-h\">\r\n\t\t\t\t\t\t<div class=\"w-vwrapper usg_vwrapper_1 align_none valign_middle has-link\" style=\"--vwrapper-gap:0.5rem\"><h2 class=\"w-post-elm post_title usg_post_title_1 entry-title color_link_inherit\"><a href=\"https:\/\/mariaclaraames.com\/es\/artigo-academico\/comercio-electronico-analisis-de-la-influencia-del-genero-en-la-percepcion-del-usuario\/\">Comercio electr\u00f3nico: an\u00e1lisis de la influencia del g\u00e9nero en la percepci\u00f3n del usuario<\/a><\/h2><div class=\"w-hwrapper usg_hwrapper_1 align_none valign_top wrap\" style=\"--hwrapper-gap:0rem\"><\/div><a href=\"https:\/\/mariaclaraames.com\/es\/artigo-academico\/comercio-electronico-analisis-de-la-influencia-del-genero-en-la-percepcion-del-usuario\/\" class=\"w-vwrapper-link smooth-scroll\" aria-label=\"Enlace\"><\/a><\/div>\t\t<\/div>\r\n\t\t\t<\/article>\r\n<\/div><div class=\"w-grid-preloader\">\t<div class=\"g-preloader type_1\">\r\n\t\t<div><\/div>\r\n\t<\/div>\r\n\t<\/div>\t<div class=\"w-grid-json hidden\" onclick='return {&quot;action&quot;:&quot;us_ajax_grid&quot;,&quot;infinite_scroll&quot;:0,&quot;max_num_pages&quot;:1,&quot;pagination&quot;:&quot;regular&quot;,&quot;template_vars&quot;:{&quot;columns&quot;:&quot;1&quot;,&quot;exclude_items&quot;:&quot;prev&quot;,&quot;img_size&quot;:&quot;default&quot;,&quot;ignore_items_size&quot;:0,&quot;items_layout&quot;:&quot;3568&quot;,&quot;items_offset&quot;:&quot;1&quot;,&quot;load_animation&quot;:&quot;none&quot;,&quot;overriding_link&quot;:&quot;{\\&quot;url\\&quot;:\\&quot;\\&quot;}&quot;,&quot;post_id&quot;:0,&quot;query_args&quot;:{&quot;post_type&quot;:[&quot;artigo-academico&quot;],&quot;post_status&quot;:[&quot;publish&quot;,&quot;acf-disabled&quot;],&quot;post__not_in&quot;:[4382,4377,4404,4383],&quot;posts_per_page&quot;:&quot;30&quot;},&quot;orderby_query_args&quot;:{&quot;orderby&quot;:{&quot;date&quot;:&quot;DESC&quot;}},&quot;type&quot;:&quot;grid&quot;,&quot;us_grid_post_type&quot;:&quot;artigo-academico&quot;,&quot;us_grid_ajax_index&quot;:2,&quot;us_grid_filter_query_string&quot;:null,&quot;us_grid_index&quot;:2,&quot;page_args&quot;:[],&quot;lang&quot;:&quot;es&quot;}}'><\/div>\r\n\t<\/div><\/div><\/div><\/div><\/div><\/section>\n","protected":false},"excerpt":{"rendered":"","protected":false},"author":2,"featured_media":0,"parent":4135,"menu_order":0,"comment_status":"closed","ping_status":"closed","template":"","meta":{"_acf_changed":false,"footnotes":""},"class_list":["post-4118","page","type-page","status-publish","hentry"],"acf":[],"yoast_head":"<!-- This site is optimized with the Yoast SEO plugin v27.2 - https:\/\/yoast.com\/product\/yoast-seo-wordpress\/ -->\n<title>Art\u00edculos acad\u00e9micos - Maria Clara Ames<\/title>\n<meta name=\"robots\" content=\"index, follow, max-snippet:-1, max-image-preview:large, max-video-preview:-1\" \/>\n<link rel=\"canonical\" href=\"https:\/\/mariaclaraames.com\/es\/publicaciones\/articulos-academicos\/\" \/>\n<meta property=\"og:locale\" content=\"es_ES\" \/>\n<meta property=\"og:type\" content=\"article\" \/>\n<meta property=\"og:title\" content=\"Art\u00edculos acad\u00e9micos - Maria Clara Ames\" \/>\n<meta property=\"og:url\" content=\"https:\/\/mariaclaraames.com\/es\/publicaciones\/articulos-academicos\/\" \/>\n<meta property=\"og:site_name\" content=\"Maria Clara Ames\" \/>\n<meta property=\"article:modified_time\" content=\"2025-04-26T09:11:54+00:00\" \/>\n<meta property=\"og:image\" content=\"https:\/\/mariaclaraames.com\/wp-content\/uploads\/2024\/11\/logo-maria-clara-ames-h-g-white.png\" \/>\n\t<meta property=\"og:image:width\" content=\"1500\" \/>\n\t<meta property=\"og:image:height\" content=\"630\" \/>\n\t<meta property=\"og:image:type\" content=\"image\/png\" \/>\n<meta name=\"twitter:card\" content=\"summary_large_image\" \/>\n<meta name=\"twitter:site\" content=\"@mariaclaraames\" \/>\n<script type=\"application\/ld+json\" class=\"yoast-schema-graph\">{\"@context\":\"https:\/\/schema.org\",\"@graph\":[{\"@type\":\"WebPage\",\"@id\":\"https:\/\/mariaclaraames.com\/es\/publicaciones\/articulos-academicos\/\",\"url\":\"https:\/\/mariaclaraames.com\/es\/publicaciones\/articulos-academicos\/\",\"name\":\"Art\u00edculos acad\u00e9micos - Maria Clara Ames\",\"isPartOf\":{\"@id\":\"https:\/\/mariaclaraames.com\/es\/#website\"},\"datePublished\":\"2024-10-29T18:38:45+00:00\",\"dateModified\":\"2025-04-26T09:11:54+00:00\",\"breadcrumb\":{\"@id\":\"https:\/\/mariaclaraames.com\/es\/publicaciones\/articulos-academicos\/#breadcrumb\"},\"inLanguage\":\"es\",\"potentialAction\":[{\"@type\":\"ReadAction\",\"target\":[\"https:\/\/mariaclaraames.com\/es\/publicaciones\/articulos-academicos\/\"]}]},{\"@type\":\"BreadcrumbList\",\"@id\":\"https:\/\/mariaclaraames.com\/es\/publicaciones\/articulos-academicos\/#breadcrumb\",\"itemListElement\":[{\"@type\":\"ListItem\",\"position\":1,\"name\":\"Publicaciones\",\"item\":\"https:\/\/mariaclaraames.com\/es\/publicaciones\/\"},{\"@type\":\"ListItem\",\"position\":2,\"name\":\"Art\u00edculos acad\u00e9micos\"}]},{\"@type\":\"WebSite\",\"@id\":\"https:\/\/mariaclaraames.com\/es\/#website\",\"url\":\"https:\/\/mariaclaraames.com\/es\/\",\"name\":\"Maria Clara Ames\",\"description\":\"Administra\u00e7\u00e3o, \u00e9tica e empreendedorismo.\",\"publisher\":{\"@id\":\"https:\/\/mariaclaraames.com\/es\/#\/schema\/person\/fcb70a5e8c410ce5d393f4316f205b4c\"},\"alternateName\":\"Maria Clara\",\"potentialAction\":[{\"@type\":\"SearchAction\",\"target\":{\"@type\":\"EntryPoint\",\"urlTemplate\":\"https:\/\/mariaclaraames.com\/es\/?s={search_term_string}\"},\"query-input\":{\"@type\":\"PropertyValueSpecification\",\"valueRequired\":true,\"valueName\":\"search_term_string\"}}],\"inLanguage\":\"es\"},{\"@type\":[\"Person\",\"Organization\"],\"@id\":\"https:\/\/mariaclaraames.com\/es\/#\/schema\/person\/fcb70a5e8c410ce5d393f4316f205b4c\",\"name\":\"Maria Clara Ames\",\"image\":{\"@type\":\"ImageObject\",\"inLanguage\":\"es\",\"@id\":\"https:\/\/mariaclaraames.com\/wp-content\/uploads\/2024\/11\/maria-clara-1-e1730803997307.jpg\",\"url\":\"https:\/\/mariaclaraames.com\/wp-content\/uploads\/2024\/11\/maria-clara-1-e1730803997307.jpg\",\"contentUrl\":\"https:\/\/mariaclaraames.com\/wp-content\/uploads\/2024\/11\/maria-clara-1-e1730803997307.jpg\",\"width\":512,\"height\":512,\"caption\":\"Maria Clara Ames\"},\"logo\":{\"@id\":\"https:\/\/mariaclaraames.com\/wp-content\/uploads\/2024\/11\/maria-clara-1-e1730803997307.jpg\"},\"description\":\"Doutora em Administra\u00e7\u00e3o, Especialista em \u00e9tica das virtudes. \u00c1reas de interesse: virtudes, desenvolvimento moral, \u00e9tica empresarial\",\"sameAs\":[\"https:\/\/www.instagram.com\/amesmariaclara\/\",\"https:\/\/www.linkedin.com\/in\/mariaclaraames\/\",\"https:\/\/x.com\/mariaclaraames\",\"https:\/\/www.youtube.com\/@mariaclaraames\"]}]}<\/script>\n<!-- \/ Yoast SEO plugin. -->","yoast_head_json":{"title":"Art\u00edculos acad\u00e9micos - Maria Clara Ames","robots":{"index":"index","follow":"follow","max-snippet":"max-snippet:-1","max-image-preview":"max-image-preview:large","max-video-preview":"max-video-preview:-1"},"canonical":"https:\/\/mariaclaraames.com\/es\/publicaciones\/articulos-academicos\/","og_locale":"es_ES","og_type":"article","og_title":"Art\u00edculos acad\u00e9micos - Maria Clara Ames","og_url":"https:\/\/mariaclaraames.com\/es\/publicaciones\/articulos-academicos\/","og_site_name":"Maria Clara Ames","article_modified_time":"2025-04-26T09:11:54+00:00","og_image":[{"width":1500,"height":630,"url":"https:\/\/mariaclaraames.com\/wp-content\/uploads\/2024\/11\/logo-maria-clara-ames-h-g-white.png","type":"image\/png"}],"twitter_card":"summary_large_image","twitter_site":"@mariaclaraames","schema":{"@context":"https:\/\/schema.org","@graph":[{"@type":"WebPage","@id":"https:\/\/mariaclaraames.com\/es\/publicaciones\/articulos-academicos\/","url":"https:\/\/mariaclaraames.com\/es\/publicaciones\/articulos-academicos\/","name":"Art\u00edculos acad\u00e9micos - Maria Clara Ames","isPartOf":{"@id":"https:\/\/mariaclaraames.com\/es\/#website"},"datePublished":"2024-10-29T18:38:45+00:00","dateModified":"2025-04-26T09:11:54+00:00","breadcrumb":{"@id":"https:\/\/mariaclaraames.com\/es\/publicaciones\/articulos-academicos\/#breadcrumb"},"inLanguage":"es","potentialAction":[{"@type":"ReadAction","target":["https:\/\/mariaclaraames.com\/es\/publicaciones\/articulos-academicos\/"]}]},{"@type":"BreadcrumbList","@id":"https:\/\/mariaclaraames.com\/es\/publicaciones\/articulos-academicos\/#breadcrumb","itemListElement":[{"@type":"ListItem","position":1,"name":"Publicaciones","item":"https:\/\/mariaclaraames.com\/es\/publicaciones\/"},{"@type":"ListItem","position":2,"name":"Art\u00edculos acad\u00e9micos"}]},{"@type":"WebSite","@id":"https:\/\/mariaclaraames.com\/es\/#website","url":"https:\/\/mariaclaraames.com\/es\/","name":"Maria Clara Ames","description":"Administra\u00e7\u00e3o, \u00e9tica e empreendedorismo.","publisher":{"@id":"https:\/\/mariaclaraames.com\/es\/#\/schema\/person\/fcb70a5e8c410ce5d393f4316f205b4c"},"alternateName":"Maria Clara","potentialAction":[{"@type":"SearchAction","target":{"@type":"EntryPoint","urlTemplate":"https:\/\/mariaclaraames.com\/es\/?s={search_term_string}"},"query-input":{"@type":"PropertyValueSpecification","valueRequired":true,"valueName":"search_term_string"}}],"inLanguage":"es"},{"@type":["Person","Organization"],"@id":"https:\/\/mariaclaraames.com\/es\/#\/schema\/person\/fcb70a5e8c410ce5d393f4316f205b4c","name":"Maria Clara Ames","image":{"@type":"ImageObject","inLanguage":"es","@id":"https:\/\/mariaclaraames.com\/wp-content\/uploads\/2024\/11\/maria-clara-1-e1730803997307.jpg","url":"https:\/\/mariaclaraames.com\/wp-content\/uploads\/2024\/11\/maria-clara-1-e1730803997307.jpg","contentUrl":"https:\/\/mariaclaraames.com\/wp-content\/uploads\/2024\/11\/maria-clara-1-e1730803997307.jpg","width":512,"height":512,"caption":"Maria Clara Ames"},"logo":{"@id":"https:\/\/mariaclaraames.com\/wp-content\/uploads\/2024\/11\/maria-clara-1-e1730803997307.jpg"},"description":"Doutora em Administra\u00e7\u00e3o, Especialista em \u00e9tica das virtudes. \u00c1reas de interesse: virtudes, desenvolvimento moral, \u00e9tica empresarial","sameAs":["https:\/\/www.instagram.com\/amesmariaclara\/","https:\/\/www.linkedin.com\/in\/mariaclaraames\/","https:\/\/x.com\/mariaclaraames","https:\/\/www.youtube.com\/@mariaclaraames"]}]}},"_links":{"self":[{"href":"https:\/\/mariaclaraames.com\/es\/wp-json\/wp\/v2\/pages\/4118","targetHints":{"allow":["GET"]}}],"collection":[{"href":"https:\/\/mariaclaraames.com\/es\/wp-json\/wp\/v2\/pages"}],"about":[{"href":"https:\/\/mariaclaraames.com\/es\/wp-json\/wp\/v2\/types\/page"}],"author":[{"embeddable":true,"href":"https:\/\/mariaclaraames.com\/es\/wp-json\/wp\/v2\/users\/2"}],"replies":[{"embeddable":true,"href":"https:\/\/mariaclaraames.com\/es\/wp-json\/wp\/v2\/comments?post=4118"}],"version-history":[{"count":1,"href":"https:\/\/mariaclaraames.com\/es\/wp-json\/wp\/v2\/pages\/4118\/revisions"}],"predecessor-version":[{"id":4122,"href":"https:\/\/mariaclaraames.com\/es\/wp-json\/wp\/v2\/pages\/4118\/revisions\/4122"}],"up":[{"embeddable":true,"href":"https:\/\/mariaclaraames.com\/es\/wp-json\/wp\/v2\/pages\/4135"}],"wp:attachment":[{"href":"https:\/\/mariaclaraames.com\/es\/wp-json\/wp\/v2\/media?parent=4118"}],"curies":[{"name":"wp","href":"https:\/\/api.w.org\/{rel}","templated":true}]}}