{"id":4117,"date":"2024-10-29T19:38:59","date_gmt":"2024-10-29T18:38:59","guid":{"rendered":"https:\/\/mariaclaraames.com\/capitulos-de-libros\/"},"modified":"2025-04-26T10:11:55","modified_gmt":"2025-04-26T09:11:55","slug":"capitulos-de-libros","status":"publish","type":"page","link":"https:\/\/mariaclaraames.com\/es\/publicaciones\/capitulos-de-libros\/","title":{"rendered":"Cap\u00edtulos de libros"},"content":{"rendered":"<section class=\"l-section wpb_row us_custom_703b2333 height_auto\"><div class=\"l-section-h i-cf\"><div class=\"g-cols vc_row via_grid cols_1 laptops-cols_inherit tablets-cols_inherit mobiles-cols_1 valign_top type_default stacking_default\"><div class=\"wpb_column vc_column_container\"><div class=\"vc_column-inner\"><div class=\"w-html\"><\/div><h1 class=\"w-post-elm post_title us_custom_ba205bf8 entry-title color_link_inherit\">Cap\u00edtulos de libros<\/h1>\n<\/div><\/div><\/div><\/div><\/section><section class=\"l-section wpb_row height_small\"><div class=\"l-section-h i-cf\"><div class=\"g-cols vc_row via_grid cols_1 laptops-cols_inherit tablets-cols_inherit mobiles-cols_1 valign_top type_default stacking_default\"><div class=\"wpb_column vc_column_container\"><div class=\"vc_column-inner\"><div class=\"w-grid type_grid layout_3405 cols_1 pagination_regular\" id=\"us_grid_1\" style=\"--columns:1;--gap:1.5rem;\" data-filterable=\"true\"><style>.layout_3405 .w-grid-item-h{border-radius:0.3rem;box-shadow:0 0rem 0rem rgba(0,0,0,0.1),0 0rem 0rem rgba(0,0,0,0.1);transition-duration:0.3s}.no-touch .layout_3405 .w-grid-item-h:hover{box-shadow:0 0.2rem 0.4rem rgba(0,0,0,0.1),0 0.67rem 2rem rgba(0,0,0,0.15);z-index:4}.layout_3405 .usg_vwrapper_1{transition-duration:0.3s;transform-origin:50% 50%;transform:scale(1) translate(0%,0%)}.layout_3405 .w-grid-item-h:hover .usg_vwrapper_1{transform:scale(1) translate(0%,0%);opacity:1;border-color:transparent!important}.layout_3405 .usg_vwrapper_1{border-radius:0.3rem!important;padding:1rem!important;border:1px solid var(--color-content-border)!important}.layout_3405 .usg_post_title_1{font-size:1.7rem!important;font-weight:700!important}.layout_3405 .usg_post_taxonomy_1{font-weight:700!important;text-transform:uppercase!important;font-size:14px!important}.layout_3405 .usg_post_date_1{font-size:14px!important}<\/style><div class=\"w-grid-list\">\t<article class=\"w-grid-item size_1x1 post-4369 capitulo-de-livro type-capitulo-de-livro status-publish format-standard hentry\" data-id=\"4369\">\r\n\t\t<div class=\"w-grid-item-h\">\r\n\t\t\t\t\t\t<div class=\"w-vwrapper usg_vwrapper_1 align_none valign_middle has-link\" style=\"--vwrapper-gap:0.5rem\"><h2 class=\"w-post-elm post_title usg_post_title_1 entry-title color_link_inherit\"><a href=\"https:\/\/mariaclaraames.com\/es\/capitulo-de-livro\/una-perspectiva-etica-de-la-virtud-sobre-la-integridad-organizativa\/\">Una perspectiva \u00e9tica de la virtud sobre la integridad organizativa<\/a><\/h2><time class=\"w-post-elm post_date usg_post_date_1 entry-date published\" datetime=\"2024-04-02T20:12:00+01:00\">2 de abril de 2024<\/time><a href=\"https:\/\/mariaclaraames.com\/es\/capitulo-de-livro\/una-perspectiva-etica-de-la-virtud-sobre-la-integridad-organizativa\/\" class=\"w-vwrapper-link smooth-scroll\" aria-label=\"Enlace\"><\/a><\/div>\t\t<\/div>\r\n\t\t\t<\/article>\r\n\t<article class=\"w-grid-item size_1x1 post-4373 capitulo-de-livro type-capitulo-de-livro status-publish format-standard hentry\" data-id=\"4373\">\r\n\t\t<div class=\"w-grid-item-h\">\r\n\t\t\t\t\t\t<div class=\"w-vwrapper usg_vwrapper_1 align_none valign_middle has-link\" style=\"--vwrapper-gap:0.5rem\"><h2 class=\"w-post-elm post_title usg_post_title_1 entry-title color_link_inherit\"><a href=\"https:\/\/mariaclaraames.com\/es\/capitulo-de-livro\/etica-de-la-virtud-en-la-gestion-breve-introduccion\/\">\u00c9tica de la virtud en la gesti\u00f3n: breve introducci\u00f3n<\/a><\/h2><time class=\"w-post-elm post_date usg_post_date_1 entry-date published\" datetime=\"2020-10-09T20:23:00+01:00\">9 de octubre de 2020<\/time><a href=\"https:\/\/mariaclaraames.com\/es\/capitulo-de-livro\/etica-de-la-virtud-en-la-gestion-breve-introduccion\/\" class=\"w-vwrapper-link smooth-scroll\" aria-label=\"Enlace\"><\/a><\/div>\t\t<\/div>\r\n\t\t\t<\/article>\r\n\t<article class=\"w-grid-item size_1x1 post-4371 capitulo-de-livro type-capitulo-de-livro status-publish format-standard hentry\" data-id=\"4371\">\r\n\t\t<div class=\"w-grid-item-h\">\r\n\t\t\t\t\t\t<div class=\"w-vwrapper usg_vwrapper_1 align_none valign_middle has-link\" style=\"--vwrapper-gap:0.5rem\"><h2 class=\"w-post-elm post_title usg_post_title_1 entry-title color_link_inherit\"><a href=\"https:\/\/mariaclaraames.com\/es\/capitulo-de-livro\/la-etica-de-alasdair-macintyre-para-analizar-la-judicializacion-de-la-politica-en-el-tribunal-supremo\/\">La \u00e9tica de Alasdair MacIntyre para analizar la judicializaci\u00f3n de la pol\u00edtica en el Tribunal Supremo<\/a><\/h2><time class=\"w-post-elm post_date usg_post_date_1 entry-date published\" datetime=\"2020-10-08T22:06:00+01:00\">8 de octubre de 2020<\/time><a href=\"https:\/\/mariaclaraames.com\/es\/capitulo-de-livro\/la-etica-de-alasdair-macintyre-para-analizar-la-judicializacion-de-la-politica-en-el-tribunal-supremo\/\" class=\"w-vwrapper-link smooth-scroll\" aria-label=\"Enlace\"><\/a><\/div>\t\t<\/div>\r\n\t\t\t<\/article>\r\n\t<article class=\"w-grid-item size_1x1 post-4374 capitulo-de-livro type-capitulo-de-livro status-publish format-standard hentry\" data-id=\"4374\">\r\n\t\t<div class=\"w-grid-item-h\">\r\n\t\t\t\t\t\t<div class=\"w-vwrapper usg_vwrapper_1 align_none valign_middle has-link\" style=\"--vwrapper-gap:0.5rem\"><h2 class=\"w-post-elm post_title usg_post_title_1 entry-title color_link_inherit\"><a href=\"https:\/\/mariaclaraames.com\/es\/capitulo-de-livro\/tecnologia-organizativa-orientada-a-la-praxis-la-sabiduria-practica-como-guia-de-tecnicas-eticamente-solidas-en-las-organizaciones\/\">Tecnolog\u00eda organizativa orientada a la praxis: la sabidur\u00eda pr\u00e1ctica como gu\u00eda de t\u00e9cnicas \u00e9ticamente s\u00f3lidas en las organizaciones<\/a><\/h2><time class=\"w-post-elm post_date usg_post_date_1 entry-date published\" datetime=\"2020-10-08T21:20:00+01:00\">8 de octubre de 2020<\/time><a href=\"https:\/\/mariaclaraames.com\/es\/capitulo-de-livro\/tecnologia-organizativa-orientada-a-la-praxis-la-sabiduria-practica-como-guia-de-tecnicas-eticamente-solidas-en-las-organizaciones\/\" class=\"w-vwrapper-link smooth-scroll\" aria-label=\"Enlace\"><\/a><\/div>\t\t<\/div>\r\n\t\t\t<\/article>\r\n<\/div><div class=\"w-grid-preloader\">\t<div class=\"g-preloader type_1\">\r\n\t\t<div><\/div>\r\n\t<\/div>\r\n\t<\/div>\t<div class=\"w-grid-json hidden\" onclick='return {&quot;action&quot;:&quot;us_ajax_grid&quot;,&quot;infinite_scroll&quot;:0,&quot;max_num_pages&quot;:1,&quot;pagination&quot;:&quot;regular&quot;,&quot;template_vars&quot;:{&quot;columns&quot;:&quot;1&quot;,&quot;exclude_items&quot;:&quot;none&quot;,&quot;img_size&quot;:&quot;default&quot;,&quot;ignore_items_size&quot;:0,&quot;items_layout&quot;:&quot;3405&quot;,&quot;items_offset&quot;:&quot;1&quot;,&quot;load_animation&quot;:&quot;none&quot;,&quot;overriding_link&quot;:&quot;{\\&quot;url\\&quot;:\\&quot;\\&quot;}&quot;,&quot;post_id&quot;:0,&quot;query_args&quot;:{&quot;post_type&quot;:[&quot;capitulo-de-livro&quot;],&quot;post_status&quot;:[&quot;publish&quot;,&quot;acf-disabled&quot;],&quot;posts_per_page&quot;:&quot;30&quot;},&quot;orderby_query_args&quot;:{&quot;orderby&quot;:{&quot;date&quot;:&quot;DESC&quot;}},&quot;type&quot;:&quot;grid&quot;,&quot;us_grid_post_type&quot;:&quot;capitulo-de-livro&quot;,&quot;us_grid_ajax_index&quot;:1,&quot;us_grid_filter_query_string&quot;:null,&quot;us_grid_index&quot;:1,&quot;page_args&quot;:[],&quot;lang&quot;:&quot;es&quot;}}'><\/div>\r\n\t<\/div><\/div><\/div><\/div><\/div><\/section>\n","protected":false},"excerpt":{"rendered":"","protected":false},"author":2,"featured_media":0,"parent":4135,"menu_order":1,"comment_status":"closed","ping_status":"closed","template":"","meta":{"_acf_changed":false,"footnotes":""},"class_list":["post-4117","page","type-page","status-publish","hentry"],"acf":[],"yoast_head":"<!-- This site is optimized with the Yoast SEO plugin v27.2 - https:\/\/yoast.com\/product\/yoast-seo-wordpress\/ -->\n<title>Cap\u00edtulos de libros - Maria Clara Ames<\/title>\n<meta name=\"robots\" content=\"index, follow, max-snippet:-1, max-image-preview:large, max-video-preview:-1\" \/>\n<link rel=\"canonical\" href=\"https:\/\/mariaclaraames.com\/es\/publicaciones\/capitulos-de-libros\/\" \/>\n<meta property=\"og:locale\" content=\"es_ES\" \/>\n<meta property=\"og:type\" content=\"article\" \/>\n<meta property=\"og:title\" content=\"Cap\u00edtulos de libros - Maria Clara Ames\" \/>\n<meta property=\"og:url\" content=\"https:\/\/mariaclaraames.com\/es\/publicaciones\/capitulos-de-libros\/\" \/>\n<meta property=\"og:site_name\" content=\"Maria Clara Ames\" \/>\n<meta property=\"article:modified_time\" content=\"2025-04-26T09:11:55+00:00\" \/>\n<meta property=\"og:image\" content=\"https:\/\/mariaclaraames.com\/wp-content\/uploads\/2024\/11\/logo-maria-clara-ames-h-g-white.png\" \/>\n\t<meta property=\"og:image:width\" content=\"1500\" \/>\n\t<meta property=\"og:image:height\" content=\"630\" \/>\n\t<meta property=\"og:image:type\" content=\"image\/png\" \/>\n<meta name=\"twitter:card\" content=\"summary_large_image\" \/>\n<meta name=\"twitter:site\" content=\"@mariaclaraames\" \/>\n<script type=\"application\/ld+json\" class=\"yoast-schema-graph\">{\"@context\":\"https:\/\/schema.org\",\"@graph\":[{\"@type\":\"WebPage\",\"@id\":\"https:\/\/mariaclaraames.com\/es\/publicaciones\/capitulos-de-libros\/\",\"url\":\"https:\/\/mariaclaraames.com\/es\/publicaciones\/capitulos-de-libros\/\",\"name\":\"Cap\u00edtulos de libros - Maria Clara Ames\",\"isPartOf\":{\"@id\":\"https:\/\/mariaclaraames.com\/es\/#website\"},\"datePublished\":\"2024-10-29T18:38:59+00:00\",\"dateModified\":\"2025-04-26T09:11:55+00:00\",\"breadcrumb\":{\"@id\":\"https:\/\/mariaclaraames.com\/es\/publicaciones\/capitulos-de-libros\/#breadcrumb\"},\"inLanguage\":\"es\",\"potentialAction\":[{\"@type\":\"ReadAction\",\"target\":[\"https:\/\/mariaclaraames.com\/es\/publicaciones\/capitulos-de-libros\/\"]}]},{\"@type\":\"BreadcrumbList\",\"@id\":\"https:\/\/mariaclaraames.com\/es\/publicaciones\/capitulos-de-libros\/#breadcrumb\",\"itemListElement\":[{\"@type\":\"ListItem\",\"position\":1,\"name\":\"Publicaciones\",\"item\":\"https:\/\/mariaclaraames.com\/es\/publicaciones\/\"},{\"@type\":\"ListItem\",\"position\":2,\"name\":\"Cap\u00edtulos de libros\"}]},{\"@type\":\"WebSite\",\"@id\":\"https:\/\/mariaclaraames.com\/es\/#website\",\"url\":\"https:\/\/mariaclaraames.com\/es\/\",\"name\":\"Maria Clara Ames\",\"description\":\"Administra\u00e7\u00e3o, \u00e9tica e empreendedorismo.\",\"publisher\":{\"@id\":\"https:\/\/mariaclaraames.com\/es\/#\/schema\/person\/fcb70a5e8c410ce5d393f4316f205b4c\"},\"alternateName\":\"Maria Clara\",\"potentialAction\":[{\"@type\":\"SearchAction\",\"target\":{\"@type\":\"EntryPoint\",\"urlTemplate\":\"https:\/\/mariaclaraames.com\/es\/?s={search_term_string}\"},\"query-input\":{\"@type\":\"PropertyValueSpecification\",\"valueRequired\":true,\"valueName\":\"search_term_string\"}}],\"inLanguage\":\"es\"},{\"@type\":[\"Person\",\"Organization\"],\"@id\":\"https:\/\/mariaclaraames.com\/es\/#\/schema\/person\/fcb70a5e8c410ce5d393f4316f205b4c\",\"name\":\"Maria Clara Ames\",\"image\":{\"@type\":\"ImageObject\",\"inLanguage\":\"es\",\"@id\":\"https:\/\/mariaclaraames.com\/wp-content\/uploads\/2024\/11\/maria-clara-1-e1730803997307.jpg\",\"url\":\"https:\/\/mariaclaraames.com\/wp-content\/uploads\/2024\/11\/maria-clara-1-e1730803997307.jpg\",\"contentUrl\":\"https:\/\/mariaclaraames.com\/wp-content\/uploads\/2024\/11\/maria-clara-1-e1730803997307.jpg\",\"width\":512,\"height\":512,\"caption\":\"Maria Clara Ames\"},\"logo\":{\"@id\":\"https:\/\/mariaclaraames.com\/wp-content\/uploads\/2024\/11\/maria-clara-1-e1730803997307.jpg\"},\"description\":\"Doutora em Administra\u00e7\u00e3o, Especialista em \u00e9tica das virtudes. \u00c1reas de interesse: virtudes, desenvolvimento moral, \u00e9tica empresarial\",\"sameAs\":[\"https:\/\/www.instagram.com\/amesmariaclara\/\",\"https:\/\/www.linkedin.com\/in\/mariaclaraames\/\",\"https:\/\/x.com\/mariaclaraames\",\"https:\/\/www.youtube.com\/@mariaclaraames\"]}]}<\/script>\n<!-- \/ Yoast SEO plugin. -->","yoast_head_json":{"title":"Cap\u00edtulos de libros - Maria Clara Ames","robots":{"index":"index","follow":"follow","max-snippet":"max-snippet:-1","max-image-preview":"max-image-preview:large","max-video-preview":"max-video-preview:-1"},"canonical":"https:\/\/mariaclaraames.com\/es\/publicaciones\/capitulos-de-libros\/","og_locale":"es_ES","og_type":"article","og_title":"Cap\u00edtulos de libros - Maria Clara Ames","og_url":"https:\/\/mariaclaraames.com\/es\/publicaciones\/capitulos-de-libros\/","og_site_name":"Maria Clara Ames","article_modified_time":"2025-04-26T09:11:55+00:00","og_image":[{"width":1500,"height":630,"url":"https:\/\/mariaclaraames.com\/wp-content\/uploads\/2024\/11\/logo-maria-clara-ames-h-g-white.png","type":"image\/png"}],"twitter_card":"summary_large_image","twitter_site":"@mariaclaraames","schema":{"@context":"https:\/\/schema.org","@graph":[{"@type":"WebPage","@id":"https:\/\/mariaclaraames.com\/es\/publicaciones\/capitulos-de-libros\/","url":"https:\/\/mariaclaraames.com\/es\/publicaciones\/capitulos-de-libros\/","name":"Cap\u00edtulos de libros - Maria Clara Ames","isPartOf":{"@id":"https:\/\/mariaclaraames.com\/es\/#website"},"datePublished":"2024-10-29T18:38:59+00:00","dateModified":"2025-04-26T09:11:55+00:00","breadcrumb":{"@id":"https:\/\/mariaclaraames.com\/es\/publicaciones\/capitulos-de-libros\/#breadcrumb"},"inLanguage":"es","potentialAction":[{"@type":"ReadAction","target":["https:\/\/mariaclaraames.com\/es\/publicaciones\/capitulos-de-libros\/"]}]},{"@type":"BreadcrumbList","@id":"https:\/\/mariaclaraames.com\/es\/publicaciones\/capitulos-de-libros\/#breadcrumb","itemListElement":[{"@type":"ListItem","position":1,"name":"Publicaciones","item":"https:\/\/mariaclaraames.com\/es\/publicaciones\/"},{"@type":"ListItem","position":2,"name":"Cap\u00edtulos de libros"}]},{"@type":"WebSite","@id":"https:\/\/mariaclaraames.com\/es\/#website","url":"https:\/\/mariaclaraames.com\/es\/","name":"Maria Clara Ames","description":"Administra\u00e7\u00e3o, \u00e9tica e empreendedorismo.","publisher":{"@id":"https:\/\/mariaclaraames.com\/es\/#\/schema\/person\/fcb70a5e8c410ce5d393f4316f205b4c"},"alternateName":"Maria Clara","potentialAction":[{"@type":"SearchAction","target":{"@type":"EntryPoint","urlTemplate":"https:\/\/mariaclaraames.com\/es\/?s={search_term_string}"},"query-input":{"@type":"PropertyValueSpecification","valueRequired":true,"valueName":"search_term_string"}}],"inLanguage":"es"},{"@type":["Person","Organization"],"@id":"https:\/\/mariaclaraames.com\/es\/#\/schema\/person\/fcb70a5e8c410ce5d393f4316f205b4c","name":"Maria Clara Ames","image":{"@type":"ImageObject","inLanguage":"es","@id":"https:\/\/mariaclaraames.com\/wp-content\/uploads\/2024\/11\/maria-clara-1-e1730803997307.jpg","url":"https:\/\/mariaclaraames.com\/wp-content\/uploads\/2024\/11\/maria-clara-1-e1730803997307.jpg","contentUrl":"https:\/\/mariaclaraames.com\/wp-content\/uploads\/2024\/11\/maria-clara-1-e1730803997307.jpg","width":512,"height":512,"caption":"Maria Clara Ames"},"logo":{"@id":"https:\/\/mariaclaraames.com\/wp-content\/uploads\/2024\/11\/maria-clara-1-e1730803997307.jpg"},"description":"Doutora em Administra\u00e7\u00e3o, Especialista em \u00e9tica das virtudes. \u00c1reas de interesse: virtudes, desenvolvimento moral, \u00e9tica empresarial","sameAs":["https:\/\/www.instagram.com\/amesmariaclara\/","https:\/\/www.linkedin.com\/in\/mariaclaraames\/","https:\/\/x.com\/mariaclaraames","https:\/\/www.youtube.com\/@mariaclaraames"]}]}},"_links":{"self":[{"href":"https:\/\/mariaclaraames.com\/es\/wp-json\/wp\/v2\/pages\/4117","targetHints":{"allow":["GET"]}}],"collection":[{"href":"https:\/\/mariaclaraames.com\/es\/wp-json\/wp\/v2\/pages"}],"about":[{"href":"https:\/\/mariaclaraames.com\/es\/wp-json\/wp\/v2\/types\/page"}],"author":[{"embeddable":true,"href":"https:\/\/mariaclaraames.com\/es\/wp-json\/wp\/v2\/users\/2"}],"replies":[{"embeddable":true,"href":"https:\/\/mariaclaraames.com\/es\/wp-json\/wp\/v2\/comments?post=4117"}],"version-history":[{"count":1,"href":"https:\/\/mariaclaraames.com\/es\/wp-json\/wp\/v2\/pages\/4117\/revisions"}],"predecessor-version":[{"id":4120,"href":"https:\/\/mariaclaraames.com\/es\/wp-json\/wp\/v2\/pages\/4117\/revisions\/4120"}],"up":[{"embeddable":true,"href":"https:\/\/mariaclaraames.com\/es\/wp-json\/wp\/v2\/pages\/4135"}],"wp:attachment":[{"href":"https:\/\/mariaclaraames.com\/es\/wp-json\/wp\/v2\/media?parent=4117"}],"curies":[{"name":"wp","href":"https:\/\/api.w.org\/{rel}","templated":true}]}}