{"id":4397,"date":"2022-07-04T15:27:00","date_gmt":"2022-07-04T14:27:00","guid":{"rendered":"https:\/\/mariaclaraames.com\/artigo-academico\/notas-sobre-la-dinamica-de-la-agenda-del-aborto-en-el-contexto-brasileno\/"},"modified":"2025-04-27T00:10:02","modified_gmt":"2025-04-26T23:10:02","slug":"notas-sobre-la-dinamica-de-la-agenda-del-aborto-en-el-contexto-brasileno","status":"publish","type":"artigo-academico","link":"https:\/\/mariaclaraames.com\/es\/artigo-academico\/notas-sobre-la-dinamica-de-la-agenda-del-aborto-en-el-contexto-brasileno\/","title":{"rendered":"Notas sobre la din\u00e1mica de la agenda del aborto en el contexto brasile\u00f1o"},"content":{"rendered":"\n<p>Resumen:<\/p>\n\n<p><strong>Objetivo de la investigaci\u00f3n:<\/strong> analizar la din\u00e1mica de la agenda del aborto en el contexto brasile\u00f1o, considerando la interacci\u00f3n entre la agenda legislativa, los medios de comunicaci\u00f3n y el Supremo Tribunal Federal (STF) entre 1988 y 2020.  <\/p>\n\n<p><strong>Marco te\u00f3rico:<\/strong> se utiliza la Teor\u00eda del Equilibrio Puntuado para analizar la atenci\u00f3n prestada al tema del aborto en los foros de la C\u00e1mara de Diputados, el Senado, la Suprema Corte y los medios de comunicaci\u00f3n, as\u00ed como la imagen expresada por los actores involucrados.<\/p>\n\n<p><strong>Metodolog\u00eda:<\/strong> Se utiliza un enfoque longitudinal, considerando cuatro elementos te\u00f3rico-anal\u00edticos: atenci\u00f3n, imagen, actores y foros pol\u00edticos. Analizamos el n\u00famero y el tono (opuesto, favorable o neutral) de los proyectos de ley (n=401), los discursos de los senadores (n=298), los diputados (n=1176), los actores de las audiencias p\u00fablicas en el Senado (n=44) y el Tribunal Supremo (n=79) y, de los medios de comunicaci\u00f3n, una muestra de los actores mencionados (n=394) en las portadas de Estad\u00e3o, Folha de S\u00e3o Paulo y O Globo. <\/p>\n\n<p><strong>Resultados:<\/strong> Los resultados se presentan cronol\u00f3gicamente, destacando la estabilidad de la pol\u00edtica del aborto en el Congreso, en la que prevalece la t\u00f3nica contraria y se aprueban pocos proyectos de ley, mientras que se han producido puntuaciones (cambios) a trav\u00e9s del STF, algo constatado por la agenda legislativa y medi\u00e1tica.  <\/p>\n\n<p><strong>Originalidad<\/strong>: se a\u00f1ade al an\u00e1lisis de la agenda el foro del STF, \u00f3rgano judicial que ha interpretado cuestiones constitucionales relacionadas con el aborto y celebrado audiencias p\u00fablicas con actores nacionales y extranjeros.<\/p>\n\n<p><strong>Aportaciones te\u00f3ricas y pr\u00e1cticas:<\/strong> Se han consolidado 33 a\u00f1os de agenda abortista, con informaci\u00f3n relevante para los parlamentarios, los actores implicados y los ciudadanos, introduciendo en el debate la cuesti\u00f3n de la judicializaci\u00f3n de la pol\u00edtica con los cambios a trav\u00e9s del Tribunal Supremo. Se consideran las limitaciones y futuras investigaciones. <\/p>\n\n<p><strong>Palabras clave:<\/strong> aborto, agenda setting, teor\u00eda del equilibrio puntuado, STF.<\/p>\n\n<p>Enlace a la revista y al art\u00edculo completo: <a href=\"https:\/\/beta.periodicos.ufv.br\/apgs\/article\/view\/11932\/7255\" target=\"_blank\" rel=\"noreferrer noopener\">\/https:\/\/beta.periodicos.ufv.br\/apgs\/article\/view\/11932\/7255<\/a><\/p>\n\n<p><\/p>\n","protected":false},"excerpt":{"rendered":"<p>Resumen: Objetivo de la investigaci\u00f3n: analizar la din\u00e1mica de la agenda del aborto en el contexto brasile\u00f1o, considerando la interacci\u00f3n entre la agenda legislativa, los medios de comunicaci\u00f3n y el Supremo Tribunal Federal (STF) entre 1988 y 2020. Marco te\u00f3rico: se utiliza la Teor\u00eda del Equilibrio Puntuado para analizar la atenci\u00f3n prestada al tema del&#8230;<\/p>\n","protected":false},"author":2,"featured_media":0,"template":"","format":"standard","meta":{"_acf_changed":false},"class_list":["post-4397","artigo-academico","type-artigo-academico","status-publish","format-standard","hentry"],"acf":[],"yoast_head":"<!-- This site is optimized with the Yoast SEO plugin v27.2 - https:\/\/yoast.com\/product\/yoast-seo-wordpress\/ -->\n<title>Notas sobre la din\u00e1mica de la agenda del aborto en el contexto brasile\u00f1o - Maria Clara Ames<\/title>\n<meta name=\"description\" content=\"Din\u00e1mica de la agenda del aborto en el contexto brasile\u00f1o, considerando la interacci\u00f3n entre la agenda legislativa, los medios de comunicaci\u00f3n y el Supremo Tribunal Federal (STF) entre 1988 y 2020.\" \/>\n<meta name=\"robots\" content=\"index, follow, max-snippet:-1, max-image-preview:large, max-video-preview:-1\" \/>\n<link rel=\"canonical\" href=\"https:\/\/mariaclaraames.com\/es\/artigo-academico\/notas-sobre-la-dinamica-de-la-agenda-del-aborto-en-el-contexto-brasileno\/\" \/>\n<meta property=\"og:locale\" content=\"es_ES\" \/>\n<meta property=\"og:type\" content=\"article\" \/>\n<meta property=\"og:title\" content=\"Notas sobre la din\u00e1mica de la agenda del aborto en el contexto brasile\u00f1o - Maria Clara Ames\" \/>\n<meta property=\"og:description\" content=\"Din\u00e1mica de la agenda del aborto en el contexto brasile\u00f1o, considerando la interacci\u00f3n entre la agenda legislativa, los medios de comunicaci\u00f3n y el Supremo Tribunal Federal (STF) entre 1988 y 2020.\" \/>\n<meta property=\"og:url\" content=\"https:\/\/mariaclaraames.com\/es\/artigo-academico\/notas-sobre-la-dinamica-de-la-agenda-del-aborto-en-el-contexto-brasileno\/\" \/>\n<meta property=\"og:site_name\" content=\"Maria Clara Ames\" \/>\n<meta property=\"article:modified_time\" content=\"2025-04-26T23:10:02+00:00\" \/>\n<meta property=\"og:image\" content=\"https:\/\/mariaclaraames.com\/wp-content\/uploads\/2024\/11\/logo-maria-clara-ames-h-g-white.png\" \/>\n\t<meta property=\"og:image:width\" content=\"1500\" \/>\n\t<meta property=\"og:image:height\" content=\"630\" \/>\n\t<meta property=\"og:image:type\" content=\"image\/png\" \/>\n<meta name=\"twitter:card\" content=\"summary_large_image\" \/>\n<meta name=\"twitter:site\" content=\"@mariaclaraames\" \/>\n<meta name=\"twitter:label1\" content=\"Tiempo de lectura\" \/>\n\t<meta name=\"twitter:data1\" content=\"2 minutos\" \/>\n<script type=\"application\/ld+json\" class=\"yoast-schema-graph\">{\"@context\":\"https:\/\/schema.org\",\"@graph\":[{\"@type\":\"ScholarlyArticle\",\"@id\":\"https:\/\/mariaclaraames.com\/es\/artigo-academico\/notas-sobre-la-dinamica-de-la-agenda-del-aborto-en-el-contexto-brasileno\/#article\",\"isPartOf\":{\"@id\":\"https:\/\/mariaclaraames.com\/es\/artigo-academico\/notas-sobre-la-dinamica-de-la-agenda-del-aborto-en-el-contexto-brasileno\/\"},\"author\":{\"name\":\"Maria Clara Ames\",\"@id\":\"https:\/\/mariaclaraames.com\/es\/#\/schema\/person\/fcb70a5e8c410ce5d393f4316f205b4c\"},\"headline\":\"Notas sobre la din\u00e1mica de la agenda del aborto en el contexto brasile\u00f1o\",\"datePublished\":\"2022-07-04T14:27:00+00:00\",\"dateModified\":\"2025-04-26T23:10:02+00:00\",\"mainEntityOfPage\":{\"@id\":\"https:\/\/mariaclaraames.com\/es\/artigo-academico\/notas-sobre-la-dinamica-de-la-agenda-del-aborto-en-el-contexto-brasileno\/\"},\"wordCount\":373,\"publisher\":{\"@id\":\"https:\/\/mariaclaraames.com\/es\/#\/schema\/person\/fcb70a5e8c410ce5d393f4316f205b4c\"},\"inLanguage\":\"es\"},{\"@type\":\"WebPage\",\"@id\":\"https:\/\/mariaclaraames.com\/es\/artigo-academico\/notas-sobre-la-dinamica-de-la-agenda-del-aborto-en-el-contexto-brasileno\/\",\"url\":\"https:\/\/mariaclaraames.com\/es\/artigo-academico\/notas-sobre-la-dinamica-de-la-agenda-del-aborto-en-el-contexto-brasileno\/\",\"name\":\"Notas sobre la din\u00e1mica de la agenda del aborto en el contexto brasile\u00f1o - Maria Clara Ames\",\"isPartOf\":{\"@id\":\"https:\/\/mariaclaraames.com\/es\/#website\"},\"datePublished\":\"2022-07-04T14:27:00+00:00\",\"dateModified\":\"2025-04-26T23:10:02+00:00\",\"description\":\"Din\u00e1mica de la agenda del aborto en el contexto brasile\u00f1o, considerando la interacci\u00f3n entre la agenda legislativa, los medios de comunicaci\u00f3n y el Supremo Tribunal Federal (STF) entre 1988 y 2020.\",\"breadcrumb\":{\"@id\":\"https:\/\/mariaclaraames.com\/es\/artigo-academico\/notas-sobre-la-dinamica-de-la-agenda-del-aborto-en-el-contexto-brasileno\/#breadcrumb\"},\"inLanguage\":\"es\",\"potentialAction\":[{\"@type\":\"ReadAction\",\"target\":[\"https:\/\/mariaclaraames.com\/es\/artigo-academico\/notas-sobre-la-dinamica-de-la-agenda-del-aborto-en-el-contexto-brasileno\/\"]}]},{\"@type\":\"BreadcrumbList\",\"@id\":\"https:\/\/mariaclaraames.com\/es\/artigo-academico\/notas-sobre-la-dinamica-de-la-agenda-del-aborto-en-el-contexto-brasileno\/#breadcrumb\",\"itemListElement\":[{\"@type\":\"ListItem\",\"position\":1,\"name\":\"Artigos Acad\u00eamicos\",\"item\":\"https:\/\/mariaclaraames.com\/es\/artigo-academico\/\"},{\"@type\":\"ListItem\",\"position\":2,\"name\":\"Notas sobre la din\u00e1mica de la agenda del aborto en el contexto brasile\u00f1o\"}]},{\"@type\":\"WebSite\",\"@id\":\"https:\/\/mariaclaraames.com\/es\/#website\",\"url\":\"https:\/\/mariaclaraames.com\/es\/\",\"name\":\"Maria Clara Ames\",\"description\":\"Administra\u00e7\u00e3o, \u00e9tica e empreendedorismo.\",\"publisher\":{\"@id\":\"https:\/\/mariaclaraames.com\/es\/#\/schema\/person\/fcb70a5e8c410ce5d393f4316f205b4c\"},\"alternateName\":\"Maria Clara\",\"potentialAction\":[{\"@type\":\"SearchAction\",\"target\":{\"@type\":\"EntryPoint\",\"urlTemplate\":\"https:\/\/mariaclaraames.com\/es\/?s={search_term_string}\"},\"query-input\":{\"@type\":\"PropertyValueSpecification\",\"valueRequired\":true,\"valueName\":\"search_term_string\"}}],\"inLanguage\":\"es\"},{\"@type\":[\"Person\",\"Organization\"],\"@id\":\"https:\/\/mariaclaraames.com\/es\/#\/schema\/person\/fcb70a5e8c410ce5d393f4316f205b4c\",\"name\":\"Maria Clara Ames\",\"image\":{\"@type\":\"ImageObject\",\"inLanguage\":\"es\",\"@id\":\"https:\/\/mariaclaraames.com\/wp-content\/uploads\/2024\/11\/maria-clara-1-e1730803997307.jpg\",\"url\":\"https:\/\/mariaclaraames.com\/wp-content\/uploads\/2024\/11\/maria-clara-1-e1730803997307.jpg\",\"contentUrl\":\"https:\/\/mariaclaraames.com\/wp-content\/uploads\/2024\/11\/maria-clara-1-e1730803997307.jpg\",\"width\":512,\"height\":512,\"caption\":\"Maria Clara Ames\"},\"logo\":{\"@id\":\"https:\/\/mariaclaraames.com\/wp-content\/uploads\/2024\/11\/maria-clara-1-e1730803997307.jpg\"},\"description\":\"Doutora em Administra\u00e7\u00e3o, Especialista em \u00e9tica das virtudes. \u00c1reas de interesse: virtudes, desenvolvimento moral, \u00e9tica empresarial\",\"sameAs\":[\"https:\/\/www.instagram.com\/amesmariaclara\/\",\"https:\/\/www.linkedin.com\/in\/mariaclaraames\/\",\"https:\/\/x.com\/mariaclaraames\",\"https:\/\/www.youtube.com\/@mariaclaraames\"]}]}<\/script>\n<!-- \/ Yoast SEO plugin. -->","yoast_head_json":{"title":"Notas sobre la din\u00e1mica de la agenda del aborto en el contexto brasile\u00f1o - Maria Clara Ames","description":"Din\u00e1mica de la agenda del aborto en el contexto brasile\u00f1o, considerando la interacci\u00f3n entre la agenda legislativa, los medios de comunicaci\u00f3n y el Supremo Tribunal Federal (STF) entre 1988 y 2020.","robots":{"index":"index","follow":"follow","max-snippet":"max-snippet:-1","max-image-preview":"max-image-preview:large","max-video-preview":"max-video-preview:-1"},"canonical":"https:\/\/mariaclaraames.com\/es\/artigo-academico\/notas-sobre-la-dinamica-de-la-agenda-del-aborto-en-el-contexto-brasileno\/","og_locale":"es_ES","og_type":"article","og_title":"Notas sobre la din\u00e1mica de la agenda del aborto en el contexto brasile\u00f1o - Maria Clara Ames","og_description":"Din\u00e1mica de la agenda del aborto en el contexto brasile\u00f1o, considerando la interacci\u00f3n entre la agenda legislativa, los medios de comunicaci\u00f3n y el Supremo Tribunal Federal (STF) entre 1988 y 2020.","og_url":"https:\/\/mariaclaraames.com\/es\/artigo-academico\/notas-sobre-la-dinamica-de-la-agenda-del-aborto-en-el-contexto-brasileno\/","og_site_name":"Maria Clara Ames","article_modified_time":"2025-04-26T23:10:02+00:00","og_image":[{"width":1500,"height":630,"url":"https:\/\/mariaclaraames.com\/wp-content\/uploads\/2024\/11\/logo-maria-clara-ames-h-g-white.png","type":"image\/png"}],"twitter_card":"summary_large_image","twitter_site":"@mariaclaraames","twitter_misc":{"Tiempo de lectura":"2 minutos"},"schema":{"@context":"https:\/\/schema.org","@graph":[{"@type":"ScholarlyArticle","@id":"https:\/\/mariaclaraames.com\/es\/artigo-academico\/notas-sobre-la-dinamica-de-la-agenda-del-aborto-en-el-contexto-brasileno\/#article","isPartOf":{"@id":"https:\/\/mariaclaraames.com\/es\/artigo-academico\/notas-sobre-la-dinamica-de-la-agenda-del-aborto-en-el-contexto-brasileno\/"},"author":{"name":"Maria Clara Ames","@id":"https:\/\/mariaclaraames.com\/es\/#\/schema\/person\/fcb70a5e8c410ce5d393f4316f205b4c"},"headline":"Notas sobre la din\u00e1mica de la agenda del aborto en el contexto brasile\u00f1o","datePublished":"2022-07-04T14:27:00+00:00","dateModified":"2025-04-26T23:10:02+00:00","mainEntityOfPage":{"@id":"https:\/\/mariaclaraames.com\/es\/artigo-academico\/notas-sobre-la-dinamica-de-la-agenda-del-aborto-en-el-contexto-brasileno\/"},"wordCount":373,"publisher":{"@id":"https:\/\/mariaclaraames.com\/es\/#\/schema\/person\/fcb70a5e8c410ce5d393f4316f205b4c"},"inLanguage":"es"},{"@type":"WebPage","@id":"https:\/\/mariaclaraames.com\/es\/artigo-academico\/notas-sobre-la-dinamica-de-la-agenda-del-aborto-en-el-contexto-brasileno\/","url":"https:\/\/mariaclaraames.com\/es\/artigo-academico\/notas-sobre-la-dinamica-de-la-agenda-del-aborto-en-el-contexto-brasileno\/","name":"Notas sobre la din\u00e1mica de la agenda del aborto en el contexto brasile\u00f1o - Maria Clara Ames","isPartOf":{"@id":"https:\/\/mariaclaraames.com\/es\/#website"},"datePublished":"2022-07-04T14:27:00+00:00","dateModified":"2025-04-26T23:10:02+00:00","description":"Din\u00e1mica de la agenda del aborto en el contexto brasile\u00f1o, considerando la interacci\u00f3n entre la agenda legislativa, los medios de comunicaci\u00f3n y el Supremo Tribunal Federal (STF) entre 1988 y 2020.","breadcrumb":{"@id":"https:\/\/mariaclaraames.com\/es\/artigo-academico\/notas-sobre-la-dinamica-de-la-agenda-del-aborto-en-el-contexto-brasileno\/#breadcrumb"},"inLanguage":"es","potentialAction":[{"@type":"ReadAction","target":["https:\/\/mariaclaraames.com\/es\/artigo-academico\/notas-sobre-la-dinamica-de-la-agenda-del-aborto-en-el-contexto-brasileno\/"]}]},{"@type":"BreadcrumbList","@id":"https:\/\/mariaclaraames.com\/es\/artigo-academico\/notas-sobre-la-dinamica-de-la-agenda-del-aborto-en-el-contexto-brasileno\/#breadcrumb","itemListElement":[{"@type":"ListItem","position":1,"name":"Artigos Acad\u00eamicos","item":"https:\/\/mariaclaraames.com\/es\/artigo-academico\/"},{"@type":"ListItem","position":2,"name":"Notas sobre la din\u00e1mica de la agenda del aborto en el contexto brasile\u00f1o"}]},{"@type":"WebSite","@id":"https:\/\/mariaclaraames.com\/es\/#website","url":"https:\/\/mariaclaraames.com\/es\/","name":"Maria Clara Ames","description":"Administra\u00e7\u00e3o, \u00e9tica e empreendedorismo.","publisher":{"@id":"https:\/\/mariaclaraames.com\/es\/#\/schema\/person\/fcb70a5e8c410ce5d393f4316f205b4c"},"alternateName":"Maria Clara","potentialAction":[{"@type":"SearchAction","target":{"@type":"EntryPoint","urlTemplate":"https:\/\/mariaclaraames.com\/es\/?s={search_term_string}"},"query-input":{"@type":"PropertyValueSpecification","valueRequired":true,"valueName":"search_term_string"}}],"inLanguage":"es"},{"@type":["Person","Organization"],"@id":"https:\/\/mariaclaraames.com\/es\/#\/schema\/person\/fcb70a5e8c410ce5d393f4316f205b4c","name":"Maria Clara Ames","image":{"@type":"ImageObject","inLanguage":"es","@id":"https:\/\/mariaclaraames.com\/wp-content\/uploads\/2024\/11\/maria-clara-1-e1730803997307.jpg","url":"https:\/\/mariaclaraames.com\/wp-content\/uploads\/2024\/11\/maria-clara-1-e1730803997307.jpg","contentUrl":"https:\/\/mariaclaraames.com\/wp-content\/uploads\/2024\/11\/maria-clara-1-e1730803997307.jpg","width":512,"height":512,"caption":"Maria Clara Ames"},"logo":{"@id":"https:\/\/mariaclaraames.com\/wp-content\/uploads\/2024\/11\/maria-clara-1-e1730803997307.jpg"},"description":"Doutora em Administra\u00e7\u00e3o, Especialista em \u00e9tica das virtudes. \u00c1reas de interesse: virtudes, desenvolvimento moral, \u00e9tica empresarial","sameAs":["https:\/\/www.instagram.com\/amesmariaclara\/","https:\/\/www.linkedin.com\/in\/mariaclaraames\/","https:\/\/x.com\/mariaclaraames","https:\/\/www.youtube.com\/@mariaclaraames"]}]}},"_links":{"self":[{"href":"https:\/\/mariaclaraames.com\/es\/wp-json\/wp\/v2\/artigo-academico\/4397","targetHints":{"allow":["GET"]}}],"collection":[{"href":"https:\/\/mariaclaraames.com\/es\/wp-json\/wp\/v2\/artigo-academico"}],"about":[{"href":"https:\/\/mariaclaraames.com\/es\/wp-json\/wp\/v2\/types\/artigo-academico"}],"author":[{"embeddable":true,"href":"https:\/\/mariaclaraames.com\/es\/wp-json\/wp\/v2\/users\/2"}],"wp:attachment":[{"href":"https:\/\/mariaclaraames.com\/es\/wp-json\/wp\/v2\/media?parent=4397"}],"curies":[{"name":"wp","href":"https:\/\/api.w.org\/{rel}","templated":true}]}}