{"id":4382,"date":"2024-12-13T23:25:02","date_gmt":"2024-12-13T22:25:02","guid":{"rendered":"https:\/\/mariaclaraames.com\/artigo-academico\/la-falta-de-etica-de-la-inteligencia-artificial-generativa-en-la-ensenanza-y-la-investigacion-empresarial\/"},"modified":"2025-04-27T00:09:55","modified_gmt":"2025-04-26T23:09:55","slug":"la-falta-de-etica-de-la-inteligencia-artificial-generativa-en-la-ensenanza-y-la-investigacion-empresarial","status":"publish","type":"artigo-academico","link":"https:\/\/mariaclaraames.com\/es\/artigo-academico\/la-falta-de-etica-de-la-inteligencia-artificial-generativa-en-la-ensenanza-y-la-investigacion-empresarial\/","title":{"rendered":"La (falta de) \u00e9tica de la inteligencia artificial generativa en la ense\u00f1anza y la investigaci\u00f3n empresarial"},"content":{"rendered":"<section class=\"l-section wpb_row height_small\"><div class=\"l-section-h i-cf\"><div class=\"g-cols vc_row via_grid cols_1 laptops-cols_inherit tablets-cols_inherit mobiles-cols_1 valign_top type_default stacking_default\"><div class=\"wpb_column vc_column_container\"><div class=\"vc_column-inner\"><div class=\"wpb_text_column\"><div class=\"wpb_wrapper\"><h3 class=\"wp-block-heading\">Resumen<\/h3>\n<p>Este art\u00edculo analiza los impactos del uso de la inteligencia artificial generativa (GenAI) en la docencia y la investigaci\u00f3n en Administraci\u00f3n de Empresas, bas\u00e1ndose en la \u00e9tica de la virtud para reflexionar sobre los impactos de la tecnolog\u00eda en las personas.<\/p>\n<p><strong>Originalidad\/valor:<\/strong> Consideramos los riesgos y posibilidades relativos al uso de la GenAI, especialmente ChatGPT. Categorizamos los impactos de la GenAI en la ense\u00f1anza y la investigaci\u00f3n, mapeando los art\u00edculos centrados en el agente o en la acci\u00f3n y clasificando sus perspectivas \u00e9ticas subyacentes (deontolog\u00eda, utilitarismo, \u00e9tica de la virtud), reconociendo que la \u00e9tica de la inteligencia artificial se centra en principios y normas utilitaristas. Destacamos el aspecto humano en el an\u00e1lisis, para superar la superficialidad en el tratamiento de los impactos en la formaci\u00f3n de las personas.  <\/p>\n<p><strong>Dise\u00f1o\/metodolog\u00eda\/enfoque:<\/strong> Realizamos una revisi\u00f3n semisistem\u00e1tica de la literatura reciente sobre GenAI en la educaci\u00f3n e investigaci\u00f3n en gesti\u00f3n. Utilizamos el m\u00e9todo PRISMA para recopilar y seleccionar art\u00edculos de tres bases de datos acad\u00e9micas, Scopus, Science Direct y Web of Science, as\u00ed como de Google Scholar. De los 45 art\u00edculos, mapeamos tres cuestiones principales: nivel de an\u00e1lisis, perspectiva \u00e9tica e impactos de la GenAI.  <\/p>\n<p><strong>Resultados:<\/strong> Destacamos que el uso de la GenIA para el aprendizaje de los estudiantes y la formaci\u00f3n de investigadores en t\u00e9rminos de virtudes o car\u00e1cter son incipientes, mientras que las cuestiones \u00e9ticas se mencionan de forma impl\u00edcita o superficial. La GenAI puede contribuir tanto a mejorar como a reducir el desarrollo humano y la investigaci\u00f3n, dependiendo de su uso adecuado en los procesos de aprendizaje e investigaci\u00f3n. Una base s\u00f3lida en la \u00e9tica de las virtudes es esencial si queremos comprender en profundidad la relaci\u00f3n entre el ser humano y la IA.  <\/p>\n<p><strong>Palabras clave:<\/strong> ChatGPT; IA generativa; ense\u00f1anza e investigaci\u00f3n; \u00e9tica de la virtud; IA centrada en el ser humano.<\/p>\n<p>Enlace al art\u00edculo completo en <a href=\"https:\/\/www.scielo.br\/j\/ram\/a\/RCpShzzn5Zqh6pQSWpgbBJR\/?lang=en#\">Scielo aqu\u00ed<\/a> <\/p>\n<\/div><\/div><\/div><\/div><\/div><\/div><\/section>\n","protected":false},"excerpt":{"rendered":"","protected":false},"author":2,"featured_media":0,"template":"","format":"standard","meta":{"_acf_changed":false},"class_list":["post-4382","artigo-academico","type-artigo-academico","status-publish","format-standard","hentry"],"acf":[],"yoast_head":"<!-- This site is optimized with the Yoast SEO plugin v27.2 - https:\/\/yoast.com\/product\/yoast-seo-wordpress\/ -->\n<title>La (falta de) \u00e9tica de la inteligencia artificial generativa en la ense\u00f1anza y la investigaci\u00f3n empresarial - Maria Clara Ames<\/title>\n<meta name=\"description\" content=\"S\u00edntesis y discusi\u00f3n de la \u00e9tica de la inteligencia artificial generativa aplicada a la docencia e investigaci\u00f3n en Administraci\u00f3n.\" \/>\n<meta name=\"robots\" content=\"index, follow, max-snippet:-1, max-image-preview:large, max-video-preview:-1\" \/>\n<link rel=\"canonical\" href=\"https:\/\/mariaclaraames.com\/es\/artigo-academico\/la-falta-de-etica-de-la-inteligencia-artificial-generativa-en-la-ensenanza-y-la-investigacion-empresarial\/\" \/>\n<meta property=\"og:locale\" content=\"es_ES\" \/>\n<meta property=\"og:type\" content=\"article\" \/>\n<meta property=\"og:title\" content=\"La (falta de) \u00e9tica de la inteligencia artificial generativa en la ense\u00f1anza y la investigaci\u00f3n empresarial - Maria Clara Ames\" \/>\n<meta property=\"og:description\" content=\"S\u00edntesis y discusi\u00f3n de la \u00e9tica de la inteligencia artificial generativa aplicada a la docencia e investigaci\u00f3n en Administraci\u00f3n.\" \/>\n<meta property=\"og:url\" content=\"https:\/\/mariaclaraames.com\/es\/artigo-academico\/la-falta-de-etica-de-la-inteligencia-artificial-generativa-en-la-ensenanza-y-la-investigacion-empresarial\/\" \/>\n<meta property=\"og:site_name\" content=\"Maria Clara Ames\" \/>\n<meta property=\"article:modified_time\" content=\"2025-04-26T23:09:55+00:00\" \/>\n<meta property=\"og:image\" content=\"https:\/\/mariaclaraames.com\/wp-content\/uploads\/2024\/11\/logo-maria-clara-ames-h-g-white.png\" \/>\n\t<meta property=\"og:image:width\" content=\"1500\" \/>\n\t<meta property=\"og:image:height\" content=\"630\" \/>\n\t<meta property=\"og:image:type\" content=\"image\/png\" \/>\n<meta name=\"twitter:card\" content=\"summary_large_image\" \/>\n<meta name=\"twitter:site\" content=\"@mariaclaraames\" \/>\n<meta name=\"twitter:label1\" content=\"Tiempo de lectura\" \/>\n\t<meta name=\"twitter:data1\" content=\"2 minutos\" \/>\n<script type=\"application\/ld+json\" class=\"yoast-schema-graph\">{\"@context\":\"https:\/\/schema.org\",\"@graph\":[{\"@type\":\"ScholarlyArticle\",\"@id\":\"https:\/\/mariaclaraames.com\/es\/artigo-academico\/la-falta-de-etica-de-la-inteligencia-artificial-generativa-en-la-ensenanza-y-la-investigacion-empresarial\/#article\",\"isPartOf\":{\"@id\":\"https:\/\/mariaclaraames.com\/es\/artigo-academico\/la-falta-de-etica-de-la-inteligencia-artificial-generativa-en-la-ensenanza-y-la-investigacion-empresarial\/\"},\"author\":{\"name\":\"Maria Clara Ames\",\"@id\":\"https:\/\/mariaclaraames.com\/es\/#\/schema\/person\/fcb70a5e8c410ce5d393f4316f205b4c\"},\"headline\":\"La (falta de) \u00e9tica de la inteligencia artificial generativa en la ense\u00f1anza y la investigaci\u00f3n empresarial\",\"datePublished\":\"2024-12-13T22:25:02+00:00\",\"dateModified\":\"2025-04-26T23:09:55+00:00\",\"mainEntityOfPage\":{\"@id\":\"https:\/\/mariaclaraames.com\/es\/artigo-academico\/la-falta-de-etica-de-la-inteligencia-artificial-generativa-en-la-ensenanza-y-la-investigacion-empresarial\/\"},\"wordCount\":378,\"publisher\":{\"@id\":\"https:\/\/mariaclaraames.com\/es\/#\/schema\/person\/fcb70a5e8c410ce5d393f4316f205b4c\"},\"inLanguage\":\"es\"},{\"@type\":\"WebPage\",\"@id\":\"https:\/\/mariaclaraames.com\/es\/artigo-academico\/la-falta-de-etica-de-la-inteligencia-artificial-generativa-en-la-ensenanza-y-la-investigacion-empresarial\/\",\"url\":\"https:\/\/mariaclaraames.com\/es\/artigo-academico\/la-falta-de-etica-de-la-inteligencia-artificial-generativa-en-la-ensenanza-y-la-investigacion-empresarial\/\",\"name\":\"La (falta de) \u00e9tica de la inteligencia artificial generativa en la ense\u00f1anza y la investigaci\u00f3n empresarial - Maria Clara Ames\",\"isPartOf\":{\"@id\":\"https:\/\/mariaclaraames.com\/es\/#website\"},\"datePublished\":\"2024-12-13T22:25:02+00:00\",\"dateModified\":\"2025-04-26T23:09:55+00:00\",\"description\":\"S\u00edntesis y discusi\u00f3n de la \u00e9tica de la inteligencia artificial generativa aplicada a la docencia e investigaci\u00f3n en Administraci\u00f3n.\",\"breadcrumb\":{\"@id\":\"https:\/\/mariaclaraames.com\/es\/artigo-academico\/la-falta-de-etica-de-la-inteligencia-artificial-generativa-en-la-ensenanza-y-la-investigacion-empresarial\/#breadcrumb\"},\"inLanguage\":\"es\",\"potentialAction\":[{\"@type\":\"ReadAction\",\"target\":[\"https:\/\/mariaclaraames.com\/es\/artigo-academico\/la-falta-de-etica-de-la-inteligencia-artificial-generativa-en-la-ensenanza-y-la-investigacion-empresarial\/\"]}]},{\"@type\":\"BreadcrumbList\",\"@id\":\"https:\/\/mariaclaraames.com\/es\/artigo-academico\/la-falta-de-etica-de-la-inteligencia-artificial-generativa-en-la-ensenanza-y-la-investigacion-empresarial\/#breadcrumb\",\"itemListElement\":[{\"@type\":\"ListItem\",\"position\":1,\"name\":\"Artigos Acad\u00eamicos\",\"item\":\"https:\/\/mariaclaraames.com\/es\/artigo-academico\/\"},{\"@type\":\"ListItem\",\"position\":2,\"name\":\"La (falta de) \u00e9tica de la inteligencia artificial generativa en la ense\u00f1anza y la investigaci\u00f3n empresarial\"}]},{\"@type\":\"WebSite\",\"@id\":\"https:\/\/mariaclaraames.com\/es\/#website\",\"url\":\"https:\/\/mariaclaraames.com\/es\/\",\"name\":\"Maria Clara Ames\",\"description\":\"Administra\u00e7\u00e3o, \u00e9tica e empreendedorismo.\",\"publisher\":{\"@id\":\"https:\/\/mariaclaraames.com\/es\/#\/schema\/person\/fcb70a5e8c410ce5d393f4316f205b4c\"},\"alternateName\":\"Maria Clara\",\"potentialAction\":[{\"@type\":\"SearchAction\",\"target\":{\"@type\":\"EntryPoint\",\"urlTemplate\":\"https:\/\/mariaclaraames.com\/es\/?s={search_term_string}\"},\"query-input\":{\"@type\":\"PropertyValueSpecification\",\"valueRequired\":true,\"valueName\":\"search_term_string\"}}],\"inLanguage\":\"es\"},{\"@type\":[\"Person\",\"Organization\"],\"@id\":\"https:\/\/mariaclaraames.com\/es\/#\/schema\/person\/fcb70a5e8c410ce5d393f4316f205b4c\",\"name\":\"Maria Clara Ames\",\"image\":{\"@type\":\"ImageObject\",\"inLanguage\":\"es\",\"@id\":\"https:\/\/mariaclaraames.com\/wp-content\/uploads\/2024\/11\/maria-clara-1-e1730803997307.jpg\",\"url\":\"https:\/\/mariaclaraames.com\/wp-content\/uploads\/2024\/11\/maria-clara-1-e1730803997307.jpg\",\"contentUrl\":\"https:\/\/mariaclaraames.com\/wp-content\/uploads\/2024\/11\/maria-clara-1-e1730803997307.jpg\",\"width\":512,\"height\":512,\"caption\":\"Maria Clara Ames\"},\"logo\":{\"@id\":\"https:\/\/mariaclaraames.com\/wp-content\/uploads\/2024\/11\/maria-clara-1-e1730803997307.jpg\"},\"description\":\"Doutora em Administra\u00e7\u00e3o, Especialista em \u00e9tica das virtudes. \u00c1reas de interesse: virtudes, desenvolvimento moral, \u00e9tica empresarial\",\"sameAs\":[\"https:\/\/www.instagram.com\/amesmariaclara\/\",\"https:\/\/www.linkedin.com\/in\/mariaclaraames\/\",\"https:\/\/x.com\/mariaclaraames\",\"https:\/\/www.youtube.com\/@mariaclaraames\"]}]}<\/script>\n<!-- \/ Yoast SEO plugin. -->","yoast_head_json":{"title":"La (falta de) \u00e9tica de la inteligencia artificial generativa en la ense\u00f1anza y la investigaci\u00f3n empresarial - Maria Clara Ames","description":"S\u00edntesis y discusi\u00f3n de la \u00e9tica de la inteligencia artificial generativa aplicada a la docencia e investigaci\u00f3n en Administraci\u00f3n.","robots":{"index":"index","follow":"follow","max-snippet":"max-snippet:-1","max-image-preview":"max-image-preview:large","max-video-preview":"max-video-preview:-1"},"canonical":"https:\/\/mariaclaraames.com\/es\/artigo-academico\/la-falta-de-etica-de-la-inteligencia-artificial-generativa-en-la-ensenanza-y-la-investigacion-empresarial\/","og_locale":"es_ES","og_type":"article","og_title":"La (falta de) \u00e9tica de la inteligencia artificial generativa en la ense\u00f1anza y la investigaci\u00f3n empresarial - Maria Clara Ames","og_description":"S\u00edntesis y discusi\u00f3n de la \u00e9tica de la inteligencia artificial generativa aplicada a la docencia e investigaci\u00f3n en Administraci\u00f3n.","og_url":"https:\/\/mariaclaraames.com\/es\/artigo-academico\/la-falta-de-etica-de-la-inteligencia-artificial-generativa-en-la-ensenanza-y-la-investigacion-empresarial\/","og_site_name":"Maria Clara Ames","article_modified_time":"2025-04-26T23:09:55+00:00","og_image":[{"width":1500,"height":630,"url":"https:\/\/mariaclaraames.com\/wp-content\/uploads\/2024\/11\/logo-maria-clara-ames-h-g-white.png","type":"image\/png"}],"twitter_card":"summary_large_image","twitter_site":"@mariaclaraames","twitter_misc":{"Tiempo de lectura":"2 minutos"},"schema":{"@context":"https:\/\/schema.org","@graph":[{"@type":"ScholarlyArticle","@id":"https:\/\/mariaclaraames.com\/es\/artigo-academico\/la-falta-de-etica-de-la-inteligencia-artificial-generativa-en-la-ensenanza-y-la-investigacion-empresarial\/#article","isPartOf":{"@id":"https:\/\/mariaclaraames.com\/es\/artigo-academico\/la-falta-de-etica-de-la-inteligencia-artificial-generativa-en-la-ensenanza-y-la-investigacion-empresarial\/"},"author":{"name":"Maria Clara Ames","@id":"https:\/\/mariaclaraames.com\/es\/#\/schema\/person\/fcb70a5e8c410ce5d393f4316f205b4c"},"headline":"La (falta de) \u00e9tica de la inteligencia artificial generativa en la ense\u00f1anza y la investigaci\u00f3n empresarial","datePublished":"2024-12-13T22:25:02+00:00","dateModified":"2025-04-26T23:09:55+00:00","mainEntityOfPage":{"@id":"https:\/\/mariaclaraames.com\/es\/artigo-academico\/la-falta-de-etica-de-la-inteligencia-artificial-generativa-en-la-ensenanza-y-la-investigacion-empresarial\/"},"wordCount":378,"publisher":{"@id":"https:\/\/mariaclaraames.com\/es\/#\/schema\/person\/fcb70a5e8c410ce5d393f4316f205b4c"},"inLanguage":"es"},{"@type":"WebPage","@id":"https:\/\/mariaclaraames.com\/es\/artigo-academico\/la-falta-de-etica-de-la-inteligencia-artificial-generativa-en-la-ensenanza-y-la-investigacion-empresarial\/","url":"https:\/\/mariaclaraames.com\/es\/artigo-academico\/la-falta-de-etica-de-la-inteligencia-artificial-generativa-en-la-ensenanza-y-la-investigacion-empresarial\/","name":"La (falta de) \u00e9tica de la inteligencia artificial generativa en la ense\u00f1anza y la investigaci\u00f3n empresarial - Maria Clara Ames","isPartOf":{"@id":"https:\/\/mariaclaraames.com\/es\/#website"},"datePublished":"2024-12-13T22:25:02+00:00","dateModified":"2025-04-26T23:09:55+00:00","description":"S\u00edntesis y discusi\u00f3n de la \u00e9tica de la inteligencia artificial generativa aplicada a la docencia e investigaci\u00f3n en Administraci\u00f3n.","breadcrumb":{"@id":"https:\/\/mariaclaraames.com\/es\/artigo-academico\/la-falta-de-etica-de-la-inteligencia-artificial-generativa-en-la-ensenanza-y-la-investigacion-empresarial\/#breadcrumb"},"inLanguage":"es","potentialAction":[{"@type":"ReadAction","target":["https:\/\/mariaclaraames.com\/es\/artigo-academico\/la-falta-de-etica-de-la-inteligencia-artificial-generativa-en-la-ensenanza-y-la-investigacion-empresarial\/"]}]},{"@type":"BreadcrumbList","@id":"https:\/\/mariaclaraames.com\/es\/artigo-academico\/la-falta-de-etica-de-la-inteligencia-artificial-generativa-en-la-ensenanza-y-la-investigacion-empresarial\/#breadcrumb","itemListElement":[{"@type":"ListItem","position":1,"name":"Artigos Acad\u00eamicos","item":"https:\/\/mariaclaraames.com\/es\/artigo-academico\/"},{"@type":"ListItem","position":2,"name":"La (falta de) \u00e9tica de la inteligencia artificial generativa en la ense\u00f1anza y la investigaci\u00f3n empresarial"}]},{"@type":"WebSite","@id":"https:\/\/mariaclaraames.com\/es\/#website","url":"https:\/\/mariaclaraames.com\/es\/","name":"Maria Clara Ames","description":"Administra\u00e7\u00e3o, \u00e9tica e empreendedorismo.","publisher":{"@id":"https:\/\/mariaclaraames.com\/es\/#\/schema\/person\/fcb70a5e8c410ce5d393f4316f205b4c"},"alternateName":"Maria Clara","potentialAction":[{"@type":"SearchAction","target":{"@type":"EntryPoint","urlTemplate":"https:\/\/mariaclaraames.com\/es\/?s={search_term_string}"},"query-input":{"@type":"PropertyValueSpecification","valueRequired":true,"valueName":"search_term_string"}}],"inLanguage":"es"},{"@type":["Person","Organization"],"@id":"https:\/\/mariaclaraames.com\/es\/#\/schema\/person\/fcb70a5e8c410ce5d393f4316f205b4c","name":"Maria Clara Ames","image":{"@type":"ImageObject","inLanguage":"es","@id":"https:\/\/mariaclaraames.com\/wp-content\/uploads\/2024\/11\/maria-clara-1-e1730803997307.jpg","url":"https:\/\/mariaclaraames.com\/wp-content\/uploads\/2024\/11\/maria-clara-1-e1730803997307.jpg","contentUrl":"https:\/\/mariaclaraames.com\/wp-content\/uploads\/2024\/11\/maria-clara-1-e1730803997307.jpg","width":512,"height":512,"caption":"Maria Clara Ames"},"logo":{"@id":"https:\/\/mariaclaraames.com\/wp-content\/uploads\/2024\/11\/maria-clara-1-e1730803997307.jpg"},"description":"Doutora em Administra\u00e7\u00e3o, Especialista em \u00e9tica das virtudes. \u00c1reas de interesse: virtudes, desenvolvimento moral, \u00e9tica empresarial","sameAs":["https:\/\/www.instagram.com\/amesmariaclara\/","https:\/\/www.linkedin.com\/in\/mariaclaraames\/","https:\/\/x.com\/mariaclaraames","https:\/\/www.youtube.com\/@mariaclaraames"]}]}},"_links":{"self":[{"href":"https:\/\/mariaclaraames.com\/es\/wp-json\/wp\/v2\/artigo-academico\/4382","targetHints":{"allow":["GET"]}}],"collection":[{"href":"https:\/\/mariaclaraames.com\/es\/wp-json\/wp\/v2\/artigo-academico"}],"about":[{"href":"https:\/\/mariaclaraames.com\/es\/wp-json\/wp\/v2\/types\/artigo-academico"}],"author":[{"embeddable":true,"href":"https:\/\/mariaclaraames.com\/es\/wp-json\/wp\/v2\/users\/2"}],"wp:attachment":[{"href":"https:\/\/mariaclaraames.com\/es\/wp-json\/wp\/v2\/media?parent=4382"}],"curies":[{"name":"wp","href":"https:\/\/api.w.org\/{rel}","templated":true}]}}