{"id":4158,"date":"2024-10-24T10:06:03","date_gmt":"2024-10-24T09:06:03","guid":{"rendered":"https:\/\/mariaclaraames.com\/academic-work\/"},"modified":"2025-04-26T23:41:54","modified_gmt":"2025-04-26T22:41:54","slug":"academic-work","status":"publish","type":"page","link":"https:\/\/mariaclaraames.com\/en\/academic-work\/","title":{"rendered":"Academic work"},"content":{"rendered":"<section class=\"l-section wpb_row us_custom_703b2333 height_auto\"><div class=\"l-section-h i-cf\"><div class=\"g-cols vc_row via_grid cols_1 laptops-cols_inherit tablets-cols_inherit mobiles-cols_1 valign_top type_default stacking_default\"><div class=\"wpb_column vc_column_container\"><div class=\"vc_column-inner\"><div class=\"w-html\"><\/div><h1 class=\"w-post-elm post_title us_custom_ba205bf8 entry-title color_link_inherit\">Academic work<\/h1>\n<\/div><\/div><\/div><\/div><\/section><section class=\"l-section wpb_row height_small\"><div class=\"l-section-h i-cf\"><div class=\"g-cols vc_row via_grid cols_1 laptops-cols_inherit tablets-cols_inherit mobiles-cols_1 valign_top type_default stacking_default\"><div class=\"wpb_column vc_column_container\"><div class=\"vc_column-inner\"><div class=\"w-tabs style_default switch_click accordion has_scrolling\" style=\"--sections-title-size:inherit\"><div class=\"w-tabs-sections titles-align_none icon_chevron cpos_right\"><div class=\"w-tabs-section\" id=\"f96f\"><button class=\"w-tabs-section-header\" aria-controls=\"content-f96f\" aria-expanded=\"false\"><div class=\"w-tabs-section-title\">Formal Education<\/div><div class=\"w-tabs-section-control\"><\/div><\/button><div  class=\"w-tabs-section-content\" id=\"content-f96f\"><div class=\"w-tabs-section-content-h i-cf\"><div class=\"wpb_text_column\"><div class=\"wpb_wrapper\"><div class=\"layout-cell layout-cell-12 data-cell\">\n<div class=\"layout-cell layout-cell-3 text-align-right\">\n<div class=\"layout-cell-pad-5 text-align-right\"><b>2016 &#8211; 2020<\/b><\/div>\n<\/div>\n<div class=\"layout-cell layout-cell-9\">\n<div class=\"layout-cell-pad-5\">PhD in Administration.<br class=\"clear\" \/>Universidade do Estado de Santa Catarina, UDESC, Brazil.<br class=\"clear\" \/>Thesis: Protecting the lives of babies and pregnant women: shaping the Brazilian agenda and the experience of voluntary organizations in the light of virtue ethics. Date obtained: Sep 25, 2020.\u00a0<br class=\"clear\" \/>Advisor: <span> <\/span>Maur\u00edcio Cust\u00f3dio Serafim.<\/div>\n<div>Keywords: virtue ethics; phronesis; abortion; pro-life volunteering; agenda formation.<\/div>\n<\/div>\n<div class=\"layout-cell layout-cell-3 text-align-right\">\n<div>\u00a0<\/div>\n<div class=\"layout-cell-pad-5 text-align-right\"><b>2023 &#8211; 2024<\/b><\/div>\n<\/div>\n<div class=\"layout-cell layout-cell-9\">\n<div class=\"layout-cell-pad-5\">Master&#8217;s Degree in <em>Governance and Culture of Organizations.<\/em><br class=\"clear\" \/>Universidad de Navarra, UNAV, Spain.<br class=\"clear\" \/>Final paper:<em>&#8220;The Environment, Social, and Governance of Artificial Intelligence: The ESG of AI<\/em>&#8220;<\/div>\n<div class=\"layout-cell-pad-5\">Date obtained: June 18, 2024.<br class=\"clear\" \/>Advisor: Dulce Maria Red\u00edn.<br class=\"clear\" \/>Keywords: business ethics; artificial intelligence; Sustainability; AI Ethics; ESG; sustainable AI.<\/div>\n<\/div>\n<div class=\"layout-cell layout-cell-3 text-align-right\">\n<div>\u00a0<\/div>\n<div class=\"layout-cell-pad-5 text-align-right\"><b>2013 &#8211; 2015<\/b><\/div>\n<\/div>\n<div class=\"layout-cell layout-cell-9\">\n<div class=\"layout-cell-pad-5\">Master&#8217;s in Business Administration.<br class=\"clear\" \/>Universidade do Estado de Santa Catarina, UDESC, Brazil.<br class=\"clear\" \/>Title: &#8220;Moral of the story&#8221;: dilemmas, uncertainty and the rationality of economic and social entrepreneurs<\/div>\n<div class=\"layout-cell-pad-5\">Year obtained: 2015.<br class=\"clear\" \/>Advisor:<span> <\/span>Maur\u00edcio Cust\u00f3dio Serafim.<br class=\"clear\" \/>Keywords: entrepreneurship; social entrepreneurship; moral dilemmas; moral development; rationality.<\/div>\n<\/div>\n<div class=\"layout-cell layout-cell-3 text-align-right\">\n<div>\u00a0<\/div>\n<div class=\"layout-cell-pad-5 text-align-right\"><b>2005 &#8211; 2006<\/b><\/div>\n<\/div>\n<div class=\"layout-cell layout-cell-9\">\n<div class=\"layout-cell-pad-5\">Executive MBA in Financial Business. <br class=\"clear\" \/>Funda\u00e7\u00e3o Get\u00falio Vargas, FGV, Brazil.<br class=\"clear\" \/>Title: &#8220;Diagnosis of the Ourocard product at Banco do Brasil&#8217;s Industrial Branch&#8221;.<\/div>\n<div>\u00a0<\/div>\n<\/div>\n<div class=\"layout-cell layout-cell-3 text-align-right\">\n<div class=\"layout-cell-pad-5 text-align-right\"><b>1999 &#8211; 2004<\/b><\/div>\n<\/div>\n<div class=\"layout-cell layout-cell-9\">\n<div class=\"layout-cell-pad-5\">Graduation in Business Administration.<br class=\"clear\" \/>Universidade Comunit\u00e1ria Regional de Chapec\u00f3, UNOCHAPECO, Brazil.<br class=\"clear\" \/>Title: &#8220;Diagnosis of the Tourism Offer of the Municipality of Chapec\u00f3 and analysis of its development possibilities&#8221;.<br class=\"clear\" \/>Advisors: James Antonio Antonini and Leonardo Secchi.<\/div>\n<\/div>\n<\/div>\n<\/div><\/div><\/div><\/div><\/div><div class=\"w-tabs-section\" id=\"z385\"><button class=\"w-tabs-section-header\" aria-controls=\"content-z385\" aria-expanded=\"false\"><div class=\"w-tabs-section-title\">Further training<\/div><div class=\"w-tabs-section-control\"><\/div><\/button><div  class=\"w-tabs-section-content\" id=\"content-z385\"><div class=\"w-tabs-section-content-h i-cf\"><div class=\"wpb_text_column\"><div class=\"wpb_wrapper\"><div class=\"layout-cell layout-cell-12 data-cell\">\n<div class=\"layout-cell layout-cell-3 text-align-right\">\n<div><b>2022 &#8211; 2023  <\/b><\/div>\n<div>Higher education course in the Philosophy of Leonardo Polo (320 hours).   <\/div>\n<div>University of Navarra, UNAV, Spain.<\/div>\n<div>Modality: online. 8 credits. Grade: 9.0 SB (outstanding).    <\/div>\n<div class=\"layout-cell-pad-5 text-align-right\"><b>2020 &#8211; 2020<\/b><\/div>\n<\/div>\n<div class=\"layout-cell layout-cell-9\">\n<div class=\"layout-cell-pad-5\">Minicourse Politics as a vocation: Max Weber&#8217;s contributions to thinking&#8230; (Hours: 4h).<br class=\"clear\">Federal University of Santa Catarina, UFSC, Brazil.<\/div>\n<\/div>\n<div class=\"layout-cell layout-cell-3 text-align-right\">\n<div class=\"layout-cell-pad-5 text-align-right\"><b>2020 &#8211; 2020<\/b><\/div>\n<\/div>\n<div class=\"layout-cell layout-cell-9\">\n<div class=\"layout-cell-pad-5\">Webinar People Management, Career and Purpose in Public Administration. (Workload: 4h). <br class=\"clear\">Attorney General&#8217;s Office of the State of Bahia, PGE-BA, Brazil.<\/div>\n<\/div>\n<div class=\"layout-cell layout-cell-3 text-align-right\">\n<div class=\"layout-cell-pad-5 text-align-right\"><b>2017 &#8211; 2017<\/b><\/div>\n<\/div>\n<div class=\"layout-cell layout-cell-9\">\n<div class=\"layout-cell-pad-5\">Integral Education for the 21st Century Series &#8211; Modules I and II 50 hours (Workload: 50 hours). <br class=\"clear\">SENAI &#8211; National Service for Industrial Learning. SENAI-Ilh\u00e9us-BA, Brazil (online). <\/div>\n<\/div>\n<div class=\"layout-cell layout-cell-3 text-align-right\">\n<div class=\"layout-cell-pad-5 text-align-right\"><b>2017 &#8211; 2017<\/b><\/div>\n<\/div>\n<div class=\"layout-cell layout-cell-9\">\n<div class=\"layout-cell-pad-5\">MOOC course Profesor 0.0: Teaching a course (Hours: 64 hours). <br class=\"clear\">University of Navarra, UNAV, Spain (online).<\/div>\n<\/div>\n<div class=\"layout-cell layout-cell-3 text-align-right\">\n<div class=\"layout-cell-pad-5 text-align-right\"><b>2017 &#8211; 2017<\/b><\/div>\n<\/div>\n<div class=\"layout-cell layout-cell-9\">\n<div class=\"layout-cell-pad-5\">Moral Luck and Justice (Hours: 20h). <br class=\"clear\">Federal University of Santa Catarina, UFSC, Brazil.<\/div>\n<\/div>\n<div class=\"layout-cell layout-cell-3 text-align-right\">\n<div class=\"layout-cell-pad-5 text-align-right\"><b>2015 &#8211; 2015<\/b><\/div>\n<\/div>\n<div class=\"layout-cell layout-cell-9\">\n<div class=\"layout-cell-pad-5\">TOEFL Test Preparation &#8211; English Course (Hours: 30 hours). <br class=\"clear\">Foundation for Research Support and University Extension, FAPEU, Brazil.<\/div>\n<\/div>\n<div class=\"layout-cell layout-cell-3 text-align-right\">\n<div class=\"layout-cell-pad-5 text-align-right\"><b>2015 &#8211; 2015<\/b><\/div>\n<\/div>\n<div class=\"layout-cell layout-cell-9\">\n<div class=\"layout-cell-pad-5\">French. (Workload: 30h). <br class=\"clear\">Foundation for Research Support and University Extension, FAPEU, Brazil.<\/div>\n<\/div>\n<div class=\"layout-cell layout-cell-3 text-align-right\">\n<div class=\"layout-cell-pad-5 text-align-right\"><b>2014 &#8211; 2014<\/b><\/div>\n<\/div>\n<div class=\"layout-cell layout-cell-9\">\n<div class=\"layout-cell-pad-5\">French. (Workload: 30h). <br class=\"clear\">Foundation for Research Support and University Extension, FAPEU, Brazil.<\/div>\n<\/div>\n<div class=\"layout-cell layout-cell-3 text-align-right\">\n<div class=\"layout-cell-pad-5 text-align-right\"><b>2013 &#8211; 2013<\/b><\/div>\n<\/div>\n<div class=\"layout-cell layout-cell-9\">\n<div class=\"layout-cell-pad-5\">Capes Portal Training (Hours: 2 hours). <br class=\"clear\">Santa Catarina State University, UDESC, Brazil.<\/div>\n<\/div>\n<div class=\"layout-cell layout-cell-3 text-align-right\">\n<div class=\"layout-cell-pad-5 text-align-right\"><b>2006 &#8211; 2006<\/b><\/div>\n<\/div>\n<div class=\"layout-cell layout-cell-9\">\n<div class=\"layout-cell-pad-5\">Financial and Credit Analysis (Hours: 40 hours). <br class=\"clear\">Banco do Brasil S.A. PR, BB, Brazil.<\/div>\n<\/div>\n<div class=\"layout-cell layout-cell-3 text-align-right\">\n<div class=\"layout-cell-pad-5 text-align-right\"><b>2006 &#8211; 2006<\/b><\/div>\n<\/div>\n<div class=\"layout-cell layout-cell-9\">\n<div class=\"layout-cell-pad-5\">Consultative sales workshop (Hours: 16 hours). <br class=\"clear\">Banco do Brasil S.A. PR, BB, Brazil.<\/div>\n<\/div>\n<div class=\"layout-cell layout-cell-3 text-align-right\">\n<div class=\"layout-cell-pad-5 text-align-right\"><b>2003 &#8211; 2004<\/b><\/div>\n<\/div>\n<div class=\"layout-cell layout-cell-9\">\n<div class=\"layout-cell-pad-5\">Out corporation course (Hours: 96h). <br class=\"clear\">Out Corporation Language School, OUT CORPORATION, Brazil.<\/div>\n<\/div>\n<div class=\"layout-cell layout-cell-3 text-align-right\">\n<div class=\"layout-cell-pad-5 text-align-right\"><b>2001 &#8211; 2001<\/b><\/div>\n<\/div>\n<div class=\"layout-cell layout-cell-9\">\n<div class=\"layout-cell-pad-5\">High Performance Teams (Hours: 20h). <br class=\"clear\">Proativa Educa\u00e7\u00e3o Organizacional, PROATIVA, Brazil.<\/div>\n<\/div>\n<div class=\"layout-cell layout-cell-3 text-align-right\">\n<div class=\"layout-cell-pad-5 text-align-right\"><b>1998 &#8211; 2001<\/b><\/div>\n<\/div>\n<div class=\"layout-cell layout-cell-9\">\n<div class=\"layout-cell-pad-5\">English First Proficiency Level (240 hours). <br class=\"clear\">Wizard Brasil, WIZARD, Brazil.<\/div>\n<\/div>\n<\/div>\n<\/div><\/div><\/div><\/div><\/div><div class=\"w-tabs-section\" id=\"y640\"><button class=\"w-tabs-section-header\" aria-controls=\"content-y640\" aria-expanded=\"false\"><div class=\"w-tabs-section-title\">Research stays<\/div><div class=\"w-tabs-section-control\"><\/div><\/button><div  class=\"w-tabs-section-content\" id=\"content-y640\"><div class=\"w-tabs-section-content-h i-cf\"><div class=\"wpb_text_column\"><div class=\"wpb_wrapper\"><p>Dec. 2019 &#8211; Feb. 2020<\/p>\n<p>Visiting doctoral student. University of Navarra, UNAV, Pamplona, Spain. <\/p>\n<p>Supervisor: Alejo Jos\u00e9 G. Sison  <\/p>\n<\/div><\/div><\/div><\/div><\/div><div class=\"w-tabs-section\" id=\"hc59\"><button class=\"w-tabs-section-header\" aria-controls=\"content-hc59\" aria-expanded=\"false\"><div class=\"w-tabs-section-title\">Participation in events<\/div><div class=\"w-tabs-section-control\"><\/div><\/button><div  class=\"w-tabs-section-content\" id=\"content-hc59\"><div class=\"w-tabs-section-content-h i-cf\"><div class=\"wpb_text_column\"><div class=\"wpb_wrapper\"><div class=\"layout-cell layout-cell-1 text-align-right\">\n<ul>\n<li><em>International Society for MacIntyrean Enquiry<\/em> (ISME &#8211; 2023). June 29th to July 1st. Pamplona, Spain. Participant. Paper: <em>&#8220;Tradition: where MacIntyre meets Hayek to ground ethical governance&#8221;<\/em>.    <\/li>\n<li>EnAnpad 2023. Topic leader in Teaching and Research in Administration and Accounting (EPQ). Article approved for presentation.    <\/li>\n<li><b><\/b>EnAnpad 2022. EPQ theme leader. Teaching Virtues in Postgraduate Administration: Integrating Knowledge, Experiential Experience and Reflection.   2022.  <\/li>\n<li><b> <\/b><span class=\"transform\">ISBEE Bilbao 2022 (Special call on artificial intelligence).  <\/span><span class=\"transform\">Participant. Paper: <em>&#8220;Artificial Intelligence in digital marketing: a virtue ethics discussion&#8221;<\/em>.   <\/span><\/li>\n<li>EnAnpad 2021. Theme leader. Paper presentation. VII Meeting of Teaching and Research in Administration and Accounting. Leader of theme 4 and discussant.      <\/li>\n<li>Semead 2020. USP, S\u00e3o Paulo (online). Paper presentation.  <\/li>\n<li>XXII SEMEAD 2019. USP, S\u00e3o Paulo. Presentation of two papers.  <\/li>\n<li><em>Association for Moral Education Conference<\/em>. November, 2018, Barcelona, Spain. Atendee, presenting the paper: <em>&#8220;Knowing how to care through actual caring: the case of civil society organizations that work in the protection of pregnant women and infants&#8221;<\/em>.  <\/li>\n<li>Enanpad 2018. Curitiba, PR. Paper presentation.  <\/li>\n<li>II International Congress on Public Sector Performance. Florian\u00f3polis, SC. Paper presentation.  <\/li>\n<li>Enanpad 2017, S\u00e3o Paulo. Paper presentation. <\/li>\n<li>Applied Ethics and Public Policy. 2017. Florian\u00f3polis, SC. (listener). <\/li>\n<li>III National Meeting of Public Administration &#8211; III EBAP. 2016. (listener).<\/li>\n<li>L Enanpad 2016. Paper presentation, round table format. Sau\u00edpe, Salvador, Bahia.  <\/li>\n<li>41st <em>Association for moral education conference<\/em> &#8211; AME 2015. Santos, SP. Presentation of the article <em>&#8220;The moral dimension of uncertainty in entrepreneurs&#8217; moral dilemmas.&#8221;<\/em>  <\/li>\n<li>Lecture Government Relations and Lobbying: differences, realities and perspectives. 2015. Florian\u00f3polis, SC. (listener). <\/li>\n<li>Seminar to commemorate the centenary of the birth of Alberto Guerreiro Ramos. 2015. Florian\u00f3polis, SC. (listener). <\/li>\n<li>XXXIX EnAnpad 2015. Belo Horizonte, MG. Paper presentation.  <\/li>\n<li>International Colloquium on the Epistemology and Sociology of Management Science . 2014. Florian\u00f3polis, SC. (listener). <\/li>\n<li>Seminar on Epistemology and Methodology in Administration, Brazil and Colombia. 2014. Florian\u00f3polis, SC (Listener).<\/li>\n<li>XII Organizational Research Seminar Rationality and Development &#8211; ORD &#8211; UFSC. 2014. Florian\u00f3polis, SC. (Listener). <\/li>\n<li>EMPRESAR &#8211; International Sustainability and Entrepreneurship Forum. 2013. Curitiba, PR (Meeting) (listener).   <\/li>\n<\/ul>\n<\/div>\n<div class=\"layout-cell layout-cell-1 text-align-right\"> <\/div>\n<\/div><\/div><\/div><\/div><\/div><div class=\"w-tabs-section\" id=\"h294\"><button class=\"w-tabs-section-header\" aria-controls=\"content-h294\" aria-expanded=\"false\"><div class=\"w-tabs-section-title\">Conference proceedings<\/div><div class=\"w-tabs-section-control\"><\/div><\/button><div  class=\"w-tabs-section-content\" id=\"content-h294\"><div class=\"w-tabs-section-content-h i-cf\"><div class=\"wpb_text_column\"><div class=\"wpb_wrapper\"><ul>\n<li>Jacinto, E., Bertoncini, A. L. C., Ames, M. C. F. D. C., &amp; Serafim, M. C. (2023) The challenges of using ChatGPT in teaching and research in Administration: a discussion based on virtue ethics. EnAnpad 2023, September, S\u00e3o Paulo, SP.<\/li>\n<li class=\"layout-cell layout-cell-11\"><span class=\"transform\">Carneiro, L. C., Ames, M. C. F. D. C., &amp; Serafim, M. C. Teaching Virtues in Postgraduate Administration: Integrating Knowledge, Experiential Experience and Reflection. In: XLVI ANPAD Meeting &#8211; EnANPAD 2022. <\/span><\/li>\n<li class=\"layout-cell layout-cell-11\"><span class=\"transform\">Ames, M. C. F. D. C., &amp; Serafim, M. C. Moral Virtues and Phronesis of Pro-Life Volunteers: A Multiple Case Study in the Light of Virtue Ethics. In: Enanpad 2021, 2021, online. Proceedings of Enanpad 2021, 2021. p. 1-16. <\/span><\/li>\n<li class=\"layout-cell layout-cell-11\">Bertoncini, An. L. C., Zapelini, M. B., &amp; Ames, M. C. F. D. C. Decision and Behavior: Contributions of Behavioral Economics to Public Administration. Proceedings of Bels Seminars 2021, 2021. <span>Available at: https\/\/www.even3.com.br\/anais\/bels2021\/354808-DECISAO-E-COMPORTAMENTO&#8211;CONTRIBUICOES-DA-ECONOMIA-COMPORTAMENTAL-PARA-A-ADMINISTRACAO-PUBLICA. https:\/\/doi.org\/10.29327\/142409.354808<\/span><\/li>\n<li class=\"layout-cell layout-cell-11\"><span class=\"transform\">Ames, M. C. F. D. C. Multiparadigmatic approaches in organizational studies: reviewing ontological assumptions in the light of Alberto Guerreiro Ramos&#8217; Sociological Reduction. <\/span><span class=\"transform\">In: XXIII SEMEAD 2020, online, p. 1-16.<\/span><\/li>\n<li class=\"layout-cell layout-cell-11\"><span class=\"transform\">Ames, M. C. F. D. C., &amp; Serafim, M. C. Institutional and Relational Care in Civil Society Organizations for the Protection of Pregnant Women and Babies. In: SEMEAD &#8211; Administration Seminar &#8211; USP, 2019, S\u00e3o Paulo. XXII SEMEAD &#8211; PROCEEDINGS, 2019. <\/span><\/li>\n<li class=\"layout-cell layout-cell-11\"><span class=\"transform\">Carneiro, L. C. Ames, M. C. F. D. C., &amp; Colonetti, A. C. Organizational Virtues: A Systematic Review of Measurement Instruments. In: XXII SEMEAD 2019, 2019, S\u00e3o Paulo. XXII SEMEAD 2019 &#8211; proceedings, 2019. <\/span><\/li>\n<li class=\"layout-cell layout-cell-11\"><span class=\"transform\">Ames, M. C. F. D. C., &amp; Serafim, M. C. Practical Wisdom: A Systematic Review on Phronesis Education, Teaching and Learning in Management. In: Enanpad 2018, 2018, Curitiba &#8211; PR. <\/span><\/li>\n<li class=\"layout-cell layout-cell-11\"><span class=\"transform\">Ames, M. C. F. D. C., Serafim, M. C., &amp; Martins, F. F. Analysis of the Scales and Measures of Moral Virtues Associated with the Area of Business Administration and Ethics: a Systematic Review. In: Enanpad 2018, 2018, Curitiba PR. <\/span><\/li>\n<li><span>Ames, M. C. F. D. C., &amp; Serafim, M. C. Knowing how to care through actual caring: the case of civil society organizations that work in the protection of pregnant women and infants. In: 44th Association for Moral Education Conference, 2018, Barcelona. Ame-Book-abstracts, 2018. <\/span><\/li>\n<li class=\"layout-cell layout-cell-11\"><span class=\"transform\">Ames, M. C. F. D. C., &amp; Serafim, M. C., Zappellini, M. B., &amp; Colonetti, A. C. Dynamics of the Abortion Policy Agenda in the Federal Senate from 1988 to May 2018. In: INTERNATIONAL CONGRESS ON PUBLIC SECTOR PERFORMANCE (CIDESP), 2018, Florin\u00f3polis. Electronic Proceedings. <\/span><\/li>\n<li class=\"layout-cell layout-cell-11\"><span class=\"transform\">Ames, M. C. F. D. C., Serafim, M. C., &amp; Zappellini, M. B. The Study of Phronesis in Organizations: A Systematic Review. In: XLI Enanpad 2017, 2017, S\u00e3o Paulo. <\/span><\/li>\n<li class=\"layout-cell layout-cell-11\"><span class=\"transform\">Ames, M. C. F. D. C., Serafim, M. C., Pinheiro, D., &amp; COSTA, A. E. The Methodological Framework of Lawrence Kohlberg&#8217;s Theory of Moral Development in Research on Rationality in Organizations: An Analysis of the Results Obtained with the Use of the Defining Issues Test &#8211; 2. In: XL Enanpad 2016, 2016, Sau\u00edpe &#8211; Ba. <\/span><\/li>\n<li class=\"layout-cell layout-cell-1 text-align-right\">\n<div class=\"layout-cell-pad-6 text-align-right\"><span class=\"transform\">Ames, M. C. F. D. C., &amp; Serafim, M. C. <\/span>Moral dilemmas of economic and social entrepreneurs: the role of the moral dimension of uncertainty. In: ENANPAD 2015, 2015, Belo Horizonte &#8211; MG. Proceedings of ENANPAD 2015.<\/div>\n<\/li>\n<li class=\"layout-cell layout-cell-1 text-align-right\">\n<div class=\"layout-cell-pad-6 text-align-right\"><span class=\"transform\">Ames, M. C. F. D. C., &amp; Serafim, M. C. <\/span>The moral dimension of uncertainty in entrepreneurs&#8217; moral dilemmas. In: 41st Association for Moral Education Conference &#8211; AME2015, 2015, Santos &#8211; SP.<\/div>\n<\/li>\n<\/ul>\n<\/div><\/div><\/div><\/div><\/div><div class=\"w-tabs-section\" id=\"x818\"><button class=\"w-tabs-section-header\" aria-controls=\"content-x818\" aria-expanded=\"false\"><div class=\"w-tabs-section-title\">Examining board member<\/div><div class=\"w-tabs-section-control\"><\/div><\/button><div  class=\"w-tabs-section-content\" id=\"content-x818\"><div class=\"w-tabs-section-content-h i-cf\"><div class=\"wpb_text_column\"><div class=\"wpb_wrapper\"><div class=\"cita-artigos\"><b>Master&#8217;s Degree<\/b><\/div>\n<\/p>\n<div class=\"layout-cell layout-cell-1 text-align-right\">\n<div class=\"layout-cell-pad-6 text-align-right\"><b>1. <\/b>Ames, Maria Clara Figueiredo Dalla Costa. Participation by Bruna Abreu Vieira. CHARACTERIZATION OF LEADERSHIP PHRONETIC COMPETENCE: CONSTRUCTION AND VALIDATION OF AN IDENTIFICATION AND MEASUREMENT INSTRUMENT. 2024. Dissertation (Master&#8217;s in Administration) &#8211; Fluminense Federal University.<\/div>\n<\/div>\n<p><br class=\"clear\"><br class=\"clear\"><\/p>\n<div class=\"layout-cell layout-cell-1 text-align-right\">\n<div class=\"layout-cell-pad-6 text-align-right\"><b>2. <\/b>FREITAS, J. S.; CHRISTINO, J. M. M.; ITUASSU, C. T.; AMES, Maria Clara F. D. C.; BRESCIA, D. P. A.. Participation by Davi Pires Andrade Brescia. Managerial Responses and Strategic Dilemmas: capturing decision-making policies and their moral foundations. 2021. Dissertation (Master&#8217;s in Business Administration) &#8211; Federal University of Minas Gerais.<\/div>\n<\/div>\n<p><br class=\"clear\"><br class=\"clear\"><\/p>\n<div class=\"cita-artigos\"><b>Doctoral qualifications<\/b><\/div>\n<\/p>\n<div class=\"layout-cell layout-cell-1 text-align-right\">\n<div class=\"layout-cell-pad-6 text-align-right\"><b>1. <\/b>ITUASSU, C. T.; Ames, Maria Clara Figueiredo Dalla Costa; PEREIRA FILHO, A. D.. Participation by Davi Pires Andrade Brescia. Managing by grace: the contribution of Christian gratitude to corporate sacrificial responsibility (CSaR). 2024. Qualifying exam (Doctorate in Business Administration) &#8211; Federal University of Minas Gerais.<\/div>\n<\/div>\n<p><br class=\"clear\"><br class=\"clear\"><\/p>\n<div class=\"layout-cell layout-cell-1 text-align-right\">\n<div class=\"layout-cell-pad-6 text-align-right\"><b>2. <\/b>ZAPPELLINI, MARCELLO BECKERT; MUNOZ, I. F.; CAVALHEIRO, R. A.; AMES, Maria Clara F. D. C.; SERAFIM, MAURICIO C.. Participation by Elize Jacinto. What ethics are we talking about? The debate and challenges of moral reductionism in the age of artificial intelligence. 2023. Qualifying exam (Doctorate in Business Administration) &#8211; Santa Catarina State University.<\/div>\n<\/div>\n<p><br class=\"clear\"><br class=\"clear\"><\/p>\n<div class=\"layout-cell layout-cell-1 text-align-right\">\n<div class=\"layout-cell-pad-6 text-align-right\"><b>3. <\/b>ZAPPELLINI, MARCELLO BECKERT; ROCCHI, M.; OLIVEIRA, G. C.; AMES, Maria Clara F. D. C.. Participation in the board of Ana Luize Corr\u00eaa Bertoncini. A HUMANIST PROPOSAL FOR DEFINING AND ALLOCATING ARTIFICIAL INTELLIGENCE IN SOCIETY FROM THE PERSPECTIVE OF VIRTUE ETHICS. 2022. Qualifying exam (Doctorate in Business Administration) &#8211; Santa Catarina State University.<\/div>\n<\/div>\n<p><br class=\"clear\"><br class=\"clear\"><\/p>\n<div class=\"cita-artigos\"><b>Master&#8217;s qualifications<\/b><\/div>\n<\/p>\n<div class=\"layout-cell layout-cell-1 text-align-right\">\n<div class=\"layout-cell-pad-6 text-align-right\"><b>1. <\/b>Ames, Maria Clara Figueiredo Dalla Costa; FREITAS, J. S.; ITUASSU, C.; CHRISTINO, J. Participation in the board of Davi Pires Andrade Brescia. MANAGERIAL RESPONSES TO STRATEGIC DILEMMAS: CAPTURING DECISION POLICIES AND THEIR MORAL FOUNDATIONS. 2020. Qualifying exam (Master&#8217;s degree in Business Administration) &#8211; Federal University of Minas Gerais.<\/div>\n<\/div>\n<p><br class=\"clear\"><br class=\"clear\"><\/p>\n<\/div><\/div><\/div><\/div><\/div><div class=\"w-tabs-section\" id=\"fea3\"><button class=\"w-tabs-section-header\" aria-controls=\"content-fea3\" aria-expanded=\"false\"><div class=\"w-tabs-section-title\">Awards and grants<\/div><div class=\"w-tabs-section-control\"><\/div><\/button><div  class=\"w-tabs-section-content\" id=\"content-fea3\"><div class=\"w-tabs-section-content-h i-cf\"><div class=\"wpb_text_column\"><div class=\"wpb_wrapper\"><h1>Awards<\/h1>\n<div class=\"layout-cell layout-cell-3 text-align-right\">\n<div class=\"layout-cell-pad-5 text-align-right\"><b>2021<\/b><\/div>\n<\/div>\n<div class=\"layout-cell layout-cell-9\">\n<div class=\"layout-cell-pad-5\">Award for best article in the Division of <em>Teaching and Research in Administration and Accounting.<\/em><\/div>\n<div>Title of the article: <em>&#8220;Moral Virtues and Phronesis of Pro-Life Volunteers: A Multiple Case Study in the Light of Virtue Ethics&#8221;<\/em>.  <\/div>\n<div class=\"layout-cell-pad-5\">Anpad International Meeting (EnAnpad, 2021).  <\/div>\n<div> <\/div>\n<\/div>\n<div class=\"layout-cell layout-cell-3 text-align-right\">\n<div class=\"layout-cell-pad-5 text-align-right\"><b>2018<\/b><\/div>\n<\/div>\n<div class=\"layout-cell layout-cell-9\">\n<div class=\"layout-cell-pad-5\">Best paper award in the Division of <em>Teaching and Research in Administration and Accounting.<\/em><\/div>\n<div>Title of the article: &#8220;Practical Wisdom: A Systematic Review of <em>Phronesis<\/em> Education, Teaching and Learning in Management&#8221;<\/div>\n<div class=\"layout-cell-pad-5\">Enanpad 2018, Curitiba, PR.<\/div>\n<\/div>\n<h1>Bags<\/h1>\n<div class=\"layout-cell layout-cell-3 text-align-right\">\n<div class=\"layout-cell-pad-5 text-align-right\"><b>2017 &#8211; 2019<\/b><\/div>\n<div> <\/div>\n<\/div>\n<div class=\"layout-cell layout-cell-9\">\n<div class=\"layout-cell-pad-5\">Scholarship holder of the DS Capes Social Demand Program, Regime: Exclusive dedication.<\/div>\n<\/div>\n<div class=\"layout-cell layout-cell-3 text-align-right\">\n<div class=\"layout-cell-pad-5 text-align-right\"><b>Information:<\/b><\/div>\n<\/div>\n<div class=\"layout-cell layout-cell-9\">\n<div class=\"layout-cell-pad-5\">Capes social demand scholarship holder. Allows teaching as a substitute professor at a public higher education institution, as set out in the regulations &#8211; CAPES Ordinance No. 76, of April 14, 2010, in its article 9, paragraph XI, subparagraph B. With the consent of the supervising professor. <\/div>\n<\/div>\n<p><b>2016 &#8211; 2017<\/b><\/p>\n<div class=\"layout-cell layout-cell-9\">\n<div class=\"layout-cell-pad-5\">Monitoring scholarship holder, Workload: 12, Regime: Exclusive dedication.<\/div>\n<\/div>\n<div class=\"layout-cell layout-cell-3 text-align-right\">\n<div class=\"layout-cell-pad-5 text-align-right\"><b>Information:<\/b><\/div>\n<\/div>\n<div class=\"layout-cell layout-cell-9\">\n<div class=\"layout-cell-pad-5\">Monitoring scholarship to support undergraduate and postgraduate students in the Administration and Public Administration courses at ESAG\/UDESC. Monitoring the subject of General Theory of Public Administration (TGAP), in the second semester of 2016 and first semester of 2017, in the evening. In addition, the teaching internship in postgraduate studies, in the subject of Research in Administration, allows me to help students in the master&#8217;s program in Administration. Together with the research group, guidance and monitoring of activities carried out by undergraduate research fellows.   <\/div>\n<\/div>\n<div class=\"layout-cell layout-cell-3 text-align-right subtit-1\">\n<div class=\"layout-cell-pad-5 text-align-right\"><b>2013 &#8211; 2015<\/b><\/div>\n<div> <\/div>\n<\/div>\n<div class=\"layout-cell layout-cell-9\">\n<div class=\"layout-cell-pad-5\">CAPES scholarship holder (social demand) for master&#8217;s degree, Workload: 20, Regime: Exclusive dedication.<\/div>\n<\/div>\n<div class=\"layout-cell layout-cell-3 text-align-right subtit-1\">\n<div class=\"layout-cell-pad-5 text-align-right\"> <\/div>\n<\/div>\n<div class=\"layout-cell layout-cell-9\">\n<div class=\"layout-cell-pad-5\"> <\/div>\n<\/div>\n<\/div><\/div><\/div><\/div><\/div><div class=\"w-tabs-section\" id=\"s213\"><button class=\"w-tabs-section-header\" aria-controls=\"content-s213\" aria-expanded=\"false\"><div class=\"w-tabs-section-title\">Theses and dissertations<\/div><div class=\"w-tabs-section-control\"><\/div><\/button><div  class=\"w-tabs-section-content\" id=\"content-s213\"><div class=\"w-tabs-section-content-h i-cf\"><div class=\"wpb_text_column\"><div class=\"wpb_wrapper\"><p>Thesis<\/p>\n<p>Doctorate in Business Administration (Esag\/UDESC, Florian\u00f3polis, SC). Supervisor: M. C. Serafim.  <\/p>\n<p>Title: Protecting the lives of babies and pregnant women: the formation of the Brazilian agenda and the experience of voluntary organizations in the light of virtue ethics. Date obtained: September 25, 2020. <\/p>\n<p>Dissertations<\/p>\n<ol>\n<li>Master&#8217;s Degree in Organizational Governance and Culture (Unav, Pamplona, Spain). Title:\n<div class=\"layout-cell-pad-5\"><em>The Environment, Social, and Governance of Artificial Intelligence: The ESG of AI.<\/em><\/div>\n<div class=\"layout-cell-pad-5\">Date obtained: June 18, 2024. Director: D. M. Red\u00edn. <\/div>\n<\/li>\n<li>Master&#8217;s in Business Administration (Esag-UDESC, Florian\u00f3polis, Brazil). Title: &#8220;Moral of the story&#8221;: dilemmas, uncertainty and the rationality of economic and social entrepreneurs. Date obtained: November 30, 2015. Advisor: M. C. Serafim.   <\/li>\n<\/ol>\n<\/div><\/div><\/div><\/div><\/div><\/div><\/div><\/div><\/div><\/div><\/div><\/section>\n","protected":false},"excerpt":{"rendered":"","protected":false},"author":2,"featured_media":3889,"parent":0,"menu_order":4,"comment_status":"closed","ping_status":"closed","template":"","meta":{"_acf_changed":false,"footnotes":""},"class_list":["post-4158","page","type-page","status-publish","has-post-thumbnail","hentry"],"acf":[],"yoast_head":"<!-- This site is optimized with the Yoast SEO plugin v27.2 - https:\/\/yoast.com\/product\/yoast-seo-wordpress\/ -->\n<title>Academic work - Maria Clara Ames<\/title>\n<meta name=\"robots\" content=\"index, follow, max-snippet:-1, max-image-preview:large, max-video-preview:-1\" \/>\n<link rel=\"canonical\" href=\"https:\/\/mariaclaraames.com\/en\/academic-work\/\" \/>\n<meta property=\"og:locale\" content=\"en_US\" \/>\n<meta property=\"og:type\" content=\"article\" \/>\n<meta property=\"og:title\" content=\"Academic work - Maria Clara Ames\" \/>\n<meta property=\"og:url\" content=\"https:\/\/mariaclaraames.com\/en\/academic-work\/\" \/>\n<meta property=\"og:site_name\" content=\"Maria Clara Ames\" \/>\n<meta property=\"article:modified_time\" content=\"2025-04-26T22:41:54+00:00\" \/>\n<meta property=\"og:image\" content=\"https:\/\/mariaclaraames.com\/wp-content\/uploads\/2020\/10\/banner-17.jpg\" \/>\n\t<meta property=\"og:image:width\" content=\"2172\" \/>\n\t<meta property=\"og:image:height\" content=\"1033\" \/>\n\t<meta property=\"og:image:type\" content=\"image\/jpeg\" \/>\n<meta name=\"twitter:card\" content=\"summary_large_image\" \/>\n<meta name=\"twitter:site\" content=\"@mariaclaraames\" \/>\n<meta name=\"twitter:label1\" content=\"Est. reading time\" \/>\n\t<meta name=\"twitter:data1\" content=\"11 minutes\" \/>\n<script type=\"application\/ld+json\" class=\"yoast-schema-graph\">{\"@context\":\"https:\/\/schema.org\",\"@graph\":[{\"@type\":\"WebPage\",\"@id\":\"https:\/\/mariaclaraames.com\/en\/academic-work\/\",\"url\":\"https:\/\/mariaclaraames.com\/en\/academic-work\/\",\"name\":\"Academic work - Maria Clara Ames\",\"isPartOf\":{\"@id\":\"https:\/\/mariaclaraames.com\/en\/#website\"},\"primaryImageOfPage\":{\"@id\":\"https:\/\/mariaclaraames.com\/en\/academic-work\/#primaryimage\"},\"image\":{\"@id\":\"https:\/\/mariaclaraames.com\/en\/academic-work\/#primaryimage\"},\"thumbnailUrl\":\"https:\/\/mariaclaraames.com\/wp-content\/uploads\/2020\/10\/banner-17.jpg\",\"datePublished\":\"2024-10-24T09:06:03+00:00\",\"dateModified\":\"2025-04-26T22:41:54+00:00\",\"inLanguage\":\"en-US\",\"potentialAction\":[{\"@type\":\"ReadAction\",\"target\":[\"https:\/\/mariaclaraames.com\/en\/academic-work\/\"]}]},{\"@type\":\"ImageObject\",\"inLanguage\":\"en-US\",\"@id\":\"https:\/\/mariaclaraames.com\/en\/academic-work\/#primaryimage\",\"url\":\"https:\/\/mariaclaraames.com\/wp-content\/uploads\/2020\/10\/banner-17.jpg\",\"contentUrl\":\"https:\/\/mariaclaraames.com\/wp-content\/uploads\/2020\/10\/banner-17.jpg\",\"width\":2172,\"height\":1033},{\"@type\":\"WebSite\",\"@id\":\"https:\/\/mariaclaraames.com\/en\/#website\",\"url\":\"https:\/\/mariaclaraames.com\/en\/\",\"name\":\"Maria Clara Ames\",\"description\":\"Administra\u00e7\u00e3o, \u00e9tica e empreendedorismo.\",\"publisher\":{\"@id\":\"https:\/\/mariaclaraames.com\/en\/#\/schema\/person\/fcb70a5e8c410ce5d393f4316f205b4c\"},\"alternateName\":\"Maria Clara\",\"potentialAction\":[{\"@type\":\"SearchAction\",\"target\":{\"@type\":\"EntryPoint\",\"urlTemplate\":\"https:\/\/mariaclaraames.com\/en\/?s={search_term_string}\"},\"query-input\":{\"@type\":\"PropertyValueSpecification\",\"valueRequired\":true,\"valueName\":\"search_term_string\"}}],\"inLanguage\":\"en-US\"},{\"@type\":[\"Person\",\"Organization\"],\"@id\":\"https:\/\/mariaclaraames.com\/en\/#\/schema\/person\/fcb70a5e8c410ce5d393f4316f205b4c\",\"name\":\"Maria Clara Ames\",\"image\":{\"@type\":\"ImageObject\",\"inLanguage\":\"en-US\",\"@id\":\"https:\/\/mariaclaraames.com\/wp-content\/uploads\/2024\/11\/maria-clara-1-e1730803997307.jpg\",\"url\":\"https:\/\/mariaclaraames.com\/wp-content\/uploads\/2024\/11\/maria-clara-1-e1730803997307.jpg\",\"contentUrl\":\"https:\/\/mariaclaraames.com\/wp-content\/uploads\/2024\/11\/maria-clara-1-e1730803997307.jpg\",\"width\":512,\"height\":512,\"caption\":\"Maria Clara Ames\"},\"logo\":{\"@id\":\"https:\/\/mariaclaraames.com\/wp-content\/uploads\/2024\/11\/maria-clara-1-e1730803997307.jpg\"},\"description\":\"Doutora em Administra\u00e7\u00e3o, Especialista em \u00e9tica das virtudes. \u00c1reas de interesse: virtudes, desenvolvimento moral, \u00e9tica empresarial\",\"sameAs\":[\"https:\/\/www.instagram.com\/amesmariaclara\/\",\"https:\/\/www.linkedin.com\/in\/mariaclaraames\/\",\"https:\/\/x.com\/mariaclaraames\",\"https:\/\/www.youtube.com\/@mariaclaraames\"]}]}<\/script>\n<!-- \/ Yoast SEO plugin. -->","yoast_head_json":{"title":"Academic work - Maria Clara Ames","robots":{"index":"index","follow":"follow","max-snippet":"max-snippet:-1","max-image-preview":"max-image-preview:large","max-video-preview":"max-video-preview:-1"},"canonical":"https:\/\/mariaclaraames.com\/en\/academic-work\/","og_locale":"en_US","og_type":"article","og_title":"Academic work - Maria Clara Ames","og_url":"https:\/\/mariaclaraames.com\/en\/academic-work\/","og_site_name":"Maria Clara Ames","article_modified_time":"2025-04-26T22:41:54+00:00","og_image":[{"width":2172,"height":1033,"url":"https:\/\/mariaclaraames.com\/wp-content\/uploads\/2020\/10\/banner-17.jpg","type":"image\/jpeg"}],"twitter_card":"summary_large_image","twitter_site":"@mariaclaraames","twitter_misc":{"Est. reading time":"11 minutes"},"schema":{"@context":"https:\/\/schema.org","@graph":[{"@type":"WebPage","@id":"https:\/\/mariaclaraames.com\/en\/academic-work\/","url":"https:\/\/mariaclaraames.com\/en\/academic-work\/","name":"Academic work - Maria Clara Ames","isPartOf":{"@id":"https:\/\/mariaclaraames.com\/en\/#website"},"primaryImageOfPage":{"@id":"https:\/\/mariaclaraames.com\/en\/academic-work\/#primaryimage"},"image":{"@id":"https:\/\/mariaclaraames.com\/en\/academic-work\/#primaryimage"},"thumbnailUrl":"https:\/\/mariaclaraames.com\/wp-content\/uploads\/2020\/10\/banner-17.jpg","datePublished":"2024-10-24T09:06:03+00:00","dateModified":"2025-04-26T22:41:54+00:00","inLanguage":"en-US","potentialAction":[{"@type":"ReadAction","target":["https:\/\/mariaclaraames.com\/en\/academic-work\/"]}]},{"@type":"ImageObject","inLanguage":"en-US","@id":"https:\/\/mariaclaraames.com\/en\/academic-work\/#primaryimage","url":"https:\/\/mariaclaraames.com\/wp-content\/uploads\/2020\/10\/banner-17.jpg","contentUrl":"https:\/\/mariaclaraames.com\/wp-content\/uploads\/2020\/10\/banner-17.jpg","width":2172,"height":1033},{"@type":"WebSite","@id":"https:\/\/mariaclaraames.com\/en\/#website","url":"https:\/\/mariaclaraames.com\/en\/","name":"Maria Clara Ames","description":"Administra\u00e7\u00e3o, \u00e9tica e empreendedorismo.","publisher":{"@id":"https:\/\/mariaclaraames.com\/en\/#\/schema\/person\/fcb70a5e8c410ce5d393f4316f205b4c"},"alternateName":"Maria Clara","potentialAction":[{"@type":"SearchAction","target":{"@type":"EntryPoint","urlTemplate":"https:\/\/mariaclaraames.com\/en\/?s={search_term_string}"},"query-input":{"@type":"PropertyValueSpecification","valueRequired":true,"valueName":"search_term_string"}}],"inLanguage":"en-US"},{"@type":["Person","Organization"],"@id":"https:\/\/mariaclaraames.com\/en\/#\/schema\/person\/fcb70a5e8c410ce5d393f4316f205b4c","name":"Maria Clara Ames","image":{"@type":"ImageObject","inLanguage":"en-US","@id":"https:\/\/mariaclaraames.com\/wp-content\/uploads\/2024\/11\/maria-clara-1-e1730803997307.jpg","url":"https:\/\/mariaclaraames.com\/wp-content\/uploads\/2024\/11\/maria-clara-1-e1730803997307.jpg","contentUrl":"https:\/\/mariaclaraames.com\/wp-content\/uploads\/2024\/11\/maria-clara-1-e1730803997307.jpg","width":512,"height":512,"caption":"Maria Clara Ames"},"logo":{"@id":"https:\/\/mariaclaraames.com\/wp-content\/uploads\/2024\/11\/maria-clara-1-e1730803997307.jpg"},"description":"Doutora em Administra\u00e7\u00e3o, Especialista em \u00e9tica das virtudes. \u00c1reas de interesse: virtudes, desenvolvimento moral, \u00e9tica empresarial","sameAs":["https:\/\/www.instagram.com\/amesmariaclara\/","https:\/\/www.linkedin.com\/in\/mariaclaraames\/","https:\/\/x.com\/mariaclaraames","https:\/\/www.youtube.com\/@mariaclaraames"]}]}},"_links":{"self":[{"href":"https:\/\/mariaclaraames.com\/en\/wp-json\/wp\/v2\/pages\/4158","targetHints":{"allow":["GET"]}}],"collection":[{"href":"https:\/\/mariaclaraames.com\/en\/wp-json\/wp\/v2\/pages"}],"about":[{"href":"https:\/\/mariaclaraames.com\/en\/wp-json\/wp\/v2\/types\/page"}],"author":[{"embeddable":true,"href":"https:\/\/mariaclaraames.com\/en\/wp-json\/wp\/v2\/users\/2"}],"replies":[{"embeddable":true,"href":"https:\/\/mariaclaraames.com\/en\/wp-json\/wp\/v2\/comments?post=4158"}],"version-history":[{"count":10,"href":"https:\/\/mariaclaraames.com\/en\/wp-json\/wp\/v2\/pages\/4158\/revisions"}],"predecessor-version":[{"id":4360,"href":"https:\/\/mariaclaraames.com\/en\/wp-json\/wp\/v2\/pages\/4158\/revisions\/4360"}],"wp:featuredmedia":[{"embeddable":true,"href":"https:\/\/mariaclaraames.com\/en\/wp-json\/wp\/v2\/media\/3889"}],"wp:attachment":[{"href":"https:\/\/mariaclaraames.com\/en\/wp-json\/wp\/v2\/media?parent=4158"}],"curies":[{"name":"wp","href":"https:\/\/api.w.org\/{rel}","templated":true}]}}