{"id":4389,"date":"2022-07-04T15:27:00","date_gmt":"2022-07-04T14:27:00","guid":{"rendered":"https:\/\/mariaclaraames.com\/artigo-academico\/points-on-the-dynamics-of-the-abortion-agenda-in-the-brazilian-context\/"},"modified":"2025-04-27T00:10:00","modified_gmt":"2025-04-26T23:10:00","slug":"points-on-the-dynamics-of-the-abortion-agenda-in-the-brazilian-context","status":"publish","type":"artigo-academico","link":"https:\/\/mariaclaraames.com\/en\/artigo-academico\/points-on-the-dynamics-of-the-abortion-agenda-in-the-brazilian-context\/","title":{"rendered":"Points on the dynamics of the abortion agenda in the Brazilian context"},"content":{"rendered":"\n<p>Summary:<\/p>\n\n<p><strong>Research objective: to<\/strong> analyze the dynamics of the abortion agenda in the Brazilian context, considering the interaction between the legislative agenda, the media and the Federal Supreme Court (STF) between 1988 and 2020.  <\/p>\n\n<p><strong>Theoretical framework:<\/strong> the Punctuated Equilibrium Theory is used to analyze the attention given to the issue of abortion in the forums of the Chamber of Deputies, the Senate, the Supreme Court and the media, as well as the image expressed by the actors involved.<\/p>\n\n<p><strong>Methodology:<\/strong> A longitudinal approach is used, considering four theoretical-analytical elements: attention, image, actors and political forums. We analyzed the number and tone (opposed, favorable or neutral) of bills (n=401), speeches by senators (n=298), deputies (n=1176), actors in public hearings in the Senate (n=44) and the Supreme Court (n=79) and, from the media, a sample of actors mentioned (n=394) in cover stories in Estad\u00e3o, Folha de S\u00e3o Paulo and O Globo. <\/p>\n\n<p><strong>Results:<\/strong> The results are presented chronologically, highlighting the stability of abortion policy in Congress, in which the opposite tone prevails and few bills are approved, while punctuations (changes) have occurred via the STF, something verified by the legislative and media agenda.  <\/p>\n\n<p><strong>Originality:<\/strong> the STF forum is added to the analysis of the agenda, a judicial body that has interpreted constitutional issues related to abortion and held public hearings with national and foreign actors.<\/p>\n\n<p><strong>Theoretical and practical contributions:<\/strong> 33 years of the abortion agenda have been consolidated, with relevant information for parliamentarians, the players involved and citizens, bringing the issue of the judicialization of politics into the debate with changes via the Supreme Court. Limitations and future research are considered. <\/p>\n\n<p><strong>Keywords:<\/strong> abortion, agenda-setting, punctuated equilibrium theory, STF.<\/p>\n\n<p>Link to the magazine and full article: <a href=\"https:\/\/beta.periodicos.ufv.br\/apgs\/article\/view\/11932\/7255\" target=\"_blank\" rel=\"noreferrer noopener\">\/https:\/\/beta.periodicos.ufv.br\/apgs\/article\/view\/11932\/7255<\/a><\/p>\n\n<p><\/p>\n","protected":false},"excerpt":{"rendered":"<p>Summary: Research objective: to analyze the dynamics of the abortion agenda in the Brazilian context, considering the interaction between the legislative agenda, the media and the Federal Supreme Court (STF) between 1988 and 2020. Theoretical framework: the Punctuated Equilibrium Theory is used to analyze the attention given to the issue of abortion in the forums&#8230;<\/p>\n","protected":false},"author":2,"featured_media":0,"template":"","format":"standard","meta":{"_acf_changed":false},"class_list":["post-4389","artigo-academico","type-artigo-academico","status-publish","format-standard","hentry"],"acf":[],"yoast_head":"<!-- This site is optimized with the Yoast SEO plugin v27.2 - https:\/\/yoast.com\/product\/yoast-seo-wordpress\/ -->\n<title>Points on the dynamics of the abortion agenda in the Brazilian context - Maria Clara Ames<\/title>\n<meta name=\"description\" content=\"Dynamics of the abortion agenda in the Brazilian context, considering the interaction between the legislative agenda, the media and the Supreme Court (STF) between 1988 and 2020.\" \/>\n<meta name=\"robots\" content=\"index, follow, max-snippet:-1, max-image-preview:large, max-video-preview:-1\" \/>\n<link rel=\"canonical\" href=\"https:\/\/mariaclaraames.com\/en\/artigo-academico\/points-on-the-dynamics-of-the-abortion-agenda-in-the-brazilian-context\/\" \/>\n<meta property=\"og:locale\" content=\"en_US\" \/>\n<meta property=\"og:type\" content=\"article\" \/>\n<meta property=\"og:title\" content=\"Points on the dynamics of the abortion agenda in the Brazilian context - Maria Clara Ames\" \/>\n<meta property=\"og:description\" content=\"Dynamics of the abortion agenda in the Brazilian context, considering the interaction between the legislative agenda, the media and the Supreme Court (STF) between 1988 and 2020.\" \/>\n<meta property=\"og:url\" content=\"https:\/\/mariaclaraames.com\/en\/artigo-academico\/points-on-the-dynamics-of-the-abortion-agenda-in-the-brazilian-context\/\" \/>\n<meta property=\"og:site_name\" content=\"Maria Clara Ames\" \/>\n<meta property=\"article:modified_time\" content=\"2025-04-26T23:10:00+00:00\" \/>\n<meta property=\"og:image\" content=\"https:\/\/mariaclaraames.com\/wp-content\/uploads\/2024\/11\/logo-maria-clara-ames-h-g-white.png\" \/>\n\t<meta property=\"og:image:width\" content=\"1500\" \/>\n\t<meta property=\"og:image:height\" content=\"630\" \/>\n\t<meta property=\"og:image:type\" content=\"image\/png\" \/>\n<meta name=\"twitter:card\" content=\"summary_large_image\" \/>\n<meta name=\"twitter:site\" content=\"@mariaclaraames\" \/>\n<meta name=\"twitter:label1\" content=\"Est. reading time\" \/>\n\t<meta name=\"twitter:data1\" content=\"1 minute\" \/>\n<script type=\"application\/ld+json\" class=\"yoast-schema-graph\">{\"@context\":\"https:\/\/schema.org\",\"@graph\":[{\"@type\":\"ScholarlyArticle\",\"@id\":\"https:\/\/mariaclaraames.com\/en\/artigo-academico\/points-on-the-dynamics-of-the-abortion-agenda-in-the-brazilian-context\/#article\",\"isPartOf\":{\"@id\":\"https:\/\/mariaclaraames.com\/en\/artigo-academico\/points-on-the-dynamics-of-the-abortion-agenda-in-the-brazilian-context\/\"},\"author\":{\"name\":\"Maria Clara Ames\",\"@id\":\"https:\/\/mariaclaraames.com\/en\/#\/schema\/person\/fcb70a5e8c410ce5d393f4316f205b4c\"},\"headline\":\"Points on the dynamics of the abortion agenda in the Brazilian context\",\"datePublished\":\"2022-07-04T14:27:00+00:00\",\"dateModified\":\"2025-04-26T23:10:00+00:00\",\"mainEntityOfPage\":{\"@id\":\"https:\/\/mariaclaraames.com\/en\/artigo-academico\/points-on-the-dynamics-of-the-abortion-agenda-in-the-brazilian-context\/\"},\"wordCount\":300,\"publisher\":{\"@id\":\"https:\/\/mariaclaraames.com\/en\/#\/schema\/person\/fcb70a5e8c410ce5d393f4316f205b4c\"},\"inLanguage\":\"en-US\"},{\"@type\":\"WebPage\",\"@id\":\"https:\/\/mariaclaraames.com\/en\/artigo-academico\/points-on-the-dynamics-of-the-abortion-agenda-in-the-brazilian-context\/\",\"url\":\"https:\/\/mariaclaraames.com\/en\/artigo-academico\/points-on-the-dynamics-of-the-abortion-agenda-in-the-brazilian-context\/\",\"name\":\"Points on the dynamics of the abortion agenda in the Brazilian context - Maria Clara Ames\",\"isPartOf\":{\"@id\":\"https:\/\/mariaclaraames.com\/en\/#website\"},\"datePublished\":\"2022-07-04T14:27:00+00:00\",\"dateModified\":\"2025-04-26T23:10:00+00:00\",\"description\":\"Dynamics of the abortion agenda in the Brazilian context, considering the interaction between the legislative agenda, the media and the Supreme Court (STF) between 1988 and 2020.\",\"breadcrumb\":{\"@id\":\"https:\/\/mariaclaraames.com\/en\/artigo-academico\/points-on-the-dynamics-of-the-abortion-agenda-in-the-brazilian-context\/#breadcrumb\"},\"inLanguage\":\"en-US\",\"potentialAction\":[{\"@type\":\"ReadAction\",\"target\":[\"https:\/\/mariaclaraames.com\/en\/artigo-academico\/points-on-the-dynamics-of-the-abortion-agenda-in-the-brazilian-context\/\"]}]},{\"@type\":\"BreadcrumbList\",\"@id\":\"https:\/\/mariaclaraames.com\/en\/artigo-academico\/points-on-the-dynamics-of-the-abortion-agenda-in-the-brazilian-context\/#breadcrumb\",\"itemListElement\":[{\"@type\":\"ListItem\",\"position\":1,\"name\":\"Artigos Acad\u00eamicos\",\"item\":\"https:\/\/mariaclaraames.com\/en\/artigo-academico\/\"},{\"@type\":\"ListItem\",\"position\":2,\"name\":\"Points on the dynamics of the abortion agenda in the Brazilian context\"}]},{\"@type\":\"WebSite\",\"@id\":\"https:\/\/mariaclaraames.com\/en\/#website\",\"url\":\"https:\/\/mariaclaraames.com\/en\/\",\"name\":\"Maria Clara Ames\",\"description\":\"Administra\u00e7\u00e3o, \u00e9tica e empreendedorismo.\",\"publisher\":{\"@id\":\"https:\/\/mariaclaraames.com\/en\/#\/schema\/person\/fcb70a5e8c410ce5d393f4316f205b4c\"},\"alternateName\":\"Maria Clara\",\"potentialAction\":[{\"@type\":\"SearchAction\",\"target\":{\"@type\":\"EntryPoint\",\"urlTemplate\":\"https:\/\/mariaclaraames.com\/en\/?s={search_term_string}\"},\"query-input\":{\"@type\":\"PropertyValueSpecification\",\"valueRequired\":true,\"valueName\":\"search_term_string\"}}],\"inLanguage\":\"en-US\"},{\"@type\":[\"Person\",\"Organization\"],\"@id\":\"https:\/\/mariaclaraames.com\/en\/#\/schema\/person\/fcb70a5e8c410ce5d393f4316f205b4c\",\"name\":\"Maria Clara Ames\",\"image\":{\"@type\":\"ImageObject\",\"inLanguage\":\"en-US\",\"@id\":\"https:\/\/mariaclaraames.com\/wp-content\/uploads\/2024\/11\/maria-clara-1-e1730803997307.jpg\",\"url\":\"https:\/\/mariaclaraames.com\/wp-content\/uploads\/2024\/11\/maria-clara-1-e1730803997307.jpg\",\"contentUrl\":\"https:\/\/mariaclaraames.com\/wp-content\/uploads\/2024\/11\/maria-clara-1-e1730803997307.jpg\",\"width\":512,\"height\":512,\"caption\":\"Maria Clara Ames\"},\"logo\":{\"@id\":\"https:\/\/mariaclaraames.com\/wp-content\/uploads\/2024\/11\/maria-clara-1-e1730803997307.jpg\"},\"description\":\"Doutora em Administra\u00e7\u00e3o, Especialista em \u00e9tica das virtudes. \u00c1reas de interesse: virtudes, desenvolvimento moral, \u00e9tica empresarial\",\"sameAs\":[\"https:\/\/www.instagram.com\/amesmariaclara\/\",\"https:\/\/www.linkedin.com\/in\/mariaclaraames\/\",\"https:\/\/x.com\/mariaclaraames\",\"https:\/\/www.youtube.com\/@mariaclaraames\"]}]}<\/script>\n<!-- \/ Yoast SEO plugin. -->","yoast_head_json":{"title":"Points on the dynamics of the abortion agenda in the Brazilian context - Maria Clara Ames","description":"Dynamics of the abortion agenda in the Brazilian context, considering the interaction between the legislative agenda, the media and the Supreme Court (STF) between 1988 and 2020.","robots":{"index":"index","follow":"follow","max-snippet":"max-snippet:-1","max-image-preview":"max-image-preview:large","max-video-preview":"max-video-preview:-1"},"canonical":"https:\/\/mariaclaraames.com\/en\/artigo-academico\/points-on-the-dynamics-of-the-abortion-agenda-in-the-brazilian-context\/","og_locale":"en_US","og_type":"article","og_title":"Points on the dynamics of the abortion agenda in the Brazilian context - Maria Clara Ames","og_description":"Dynamics of the abortion agenda in the Brazilian context, considering the interaction between the legislative agenda, the media and the Supreme Court (STF) between 1988 and 2020.","og_url":"https:\/\/mariaclaraames.com\/en\/artigo-academico\/points-on-the-dynamics-of-the-abortion-agenda-in-the-brazilian-context\/","og_site_name":"Maria Clara Ames","article_modified_time":"2025-04-26T23:10:00+00:00","og_image":[{"width":1500,"height":630,"url":"https:\/\/mariaclaraames.com\/wp-content\/uploads\/2024\/11\/logo-maria-clara-ames-h-g-white.png","type":"image\/png"}],"twitter_card":"summary_large_image","twitter_site":"@mariaclaraames","twitter_misc":{"Est. reading time":"1 minute"},"schema":{"@context":"https:\/\/schema.org","@graph":[{"@type":"ScholarlyArticle","@id":"https:\/\/mariaclaraames.com\/en\/artigo-academico\/points-on-the-dynamics-of-the-abortion-agenda-in-the-brazilian-context\/#article","isPartOf":{"@id":"https:\/\/mariaclaraames.com\/en\/artigo-academico\/points-on-the-dynamics-of-the-abortion-agenda-in-the-brazilian-context\/"},"author":{"name":"Maria Clara Ames","@id":"https:\/\/mariaclaraames.com\/en\/#\/schema\/person\/fcb70a5e8c410ce5d393f4316f205b4c"},"headline":"Points on the dynamics of the abortion agenda in the Brazilian context","datePublished":"2022-07-04T14:27:00+00:00","dateModified":"2025-04-26T23:10:00+00:00","mainEntityOfPage":{"@id":"https:\/\/mariaclaraames.com\/en\/artigo-academico\/points-on-the-dynamics-of-the-abortion-agenda-in-the-brazilian-context\/"},"wordCount":300,"publisher":{"@id":"https:\/\/mariaclaraames.com\/en\/#\/schema\/person\/fcb70a5e8c410ce5d393f4316f205b4c"},"inLanguage":"en-US"},{"@type":"WebPage","@id":"https:\/\/mariaclaraames.com\/en\/artigo-academico\/points-on-the-dynamics-of-the-abortion-agenda-in-the-brazilian-context\/","url":"https:\/\/mariaclaraames.com\/en\/artigo-academico\/points-on-the-dynamics-of-the-abortion-agenda-in-the-brazilian-context\/","name":"Points on the dynamics of the abortion agenda in the Brazilian context - Maria Clara Ames","isPartOf":{"@id":"https:\/\/mariaclaraames.com\/en\/#website"},"datePublished":"2022-07-04T14:27:00+00:00","dateModified":"2025-04-26T23:10:00+00:00","description":"Dynamics of the abortion agenda in the Brazilian context, considering the interaction between the legislative agenda, the media and the Supreme Court (STF) between 1988 and 2020.","breadcrumb":{"@id":"https:\/\/mariaclaraames.com\/en\/artigo-academico\/points-on-the-dynamics-of-the-abortion-agenda-in-the-brazilian-context\/#breadcrumb"},"inLanguage":"en-US","potentialAction":[{"@type":"ReadAction","target":["https:\/\/mariaclaraames.com\/en\/artigo-academico\/points-on-the-dynamics-of-the-abortion-agenda-in-the-brazilian-context\/"]}]},{"@type":"BreadcrumbList","@id":"https:\/\/mariaclaraames.com\/en\/artigo-academico\/points-on-the-dynamics-of-the-abortion-agenda-in-the-brazilian-context\/#breadcrumb","itemListElement":[{"@type":"ListItem","position":1,"name":"Artigos Acad\u00eamicos","item":"https:\/\/mariaclaraames.com\/en\/artigo-academico\/"},{"@type":"ListItem","position":2,"name":"Points on the dynamics of the abortion agenda in the Brazilian context"}]},{"@type":"WebSite","@id":"https:\/\/mariaclaraames.com\/en\/#website","url":"https:\/\/mariaclaraames.com\/en\/","name":"Maria Clara Ames","description":"Administra\u00e7\u00e3o, \u00e9tica e empreendedorismo.","publisher":{"@id":"https:\/\/mariaclaraames.com\/en\/#\/schema\/person\/fcb70a5e8c410ce5d393f4316f205b4c"},"alternateName":"Maria Clara","potentialAction":[{"@type":"SearchAction","target":{"@type":"EntryPoint","urlTemplate":"https:\/\/mariaclaraames.com\/en\/?s={search_term_string}"},"query-input":{"@type":"PropertyValueSpecification","valueRequired":true,"valueName":"search_term_string"}}],"inLanguage":"en-US"},{"@type":["Person","Organization"],"@id":"https:\/\/mariaclaraames.com\/en\/#\/schema\/person\/fcb70a5e8c410ce5d393f4316f205b4c","name":"Maria Clara Ames","image":{"@type":"ImageObject","inLanguage":"en-US","@id":"https:\/\/mariaclaraames.com\/wp-content\/uploads\/2024\/11\/maria-clara-1-e1730803997307.jpg","url":"https:\/\/mariaclaraames.com\/wp-content\/uploads\/2024\/11\/maria-clara-1-e1730803997307.jpg","contentUrl":"https:\/\/mariaclaraames.com\/wp-content\/uploads\/2024\/11\/maria-clara-1-e1730803997307.jpg","width":512,"height":512,"caption":"Maria Clara Ames"},"logo":{"@id":"https:\/\/mariaclaraames.com\/wp-content\/uploads\/2024\/11\/maria-clara-1-e1730803997307.jpg"},"description":"Doutora em Administra\u00e7\u00e3o, Especialista em \u00e9tica das virtudes. \u00c1reas de interesse: virtudes, desenvolvimento moral, \u00e9tica empresarial","sameAs":["https:\/\/www.instagram.com\/amesmariaclara\/","https:\/\/www.linkedin.com\/in\/mariaclaraames\/","https:\/\/x.com\/mariaclaraames","https:\/\/www.youtube.com\/@mariaclaraames"]}]}},"_links":{"self":[{"href":"https:\/\/mariaclaraames.com\/en\/wp-json\/wp\/v2\/artigo-academico\/4389","targetHints":{"allow":["GET"]}}],"collection":[{"href":"https:\/\/mariaclaraames.com\/en\/wp-json\/wp\/v2\/artigo-academico"}],"about":[{"href":"https:\/\/mariaclaraames.com\/en\/wp-json\/wp\/v2\/types\/artigo-academico"}],"author":[{"embeddable":true,"href":"https:\/\/mariaclaraames.com\/en\/wp-json\/wp\/v2\/users\/2"}],"wp:attachment":[{"href":"https:\/\/mariaclaraames.com\/en\/wp-json\/wp\/v2\/media?parent=4389"}],"curies":[{"name":"wp","href":"https:\/\/api.w.org\/{rel}","templated":true}]}}